{"id":873,"date":"2025-06-17T15:46:33","date_gmt":"2025-06-17T13:46:33","guid":{"rendered":"https:\/\/notre-quartier.ch\/esplanade\/?post_type=tribe_events&#038;p=873"},"modified":"2025-08-12T16:14:08","modified_gmt":"2025-08-12T14:14:08","slug":"inauguration-de-la-fresque-murale-evenement-festif-et-convivial","status":"publish","type":"tribe_events","link":"https:\/\/notre-quartier.ch\/esplanade\/agenda\/inauguration-de-la-fresque-murale-evenement-festif-et-convivial\/","title":{"rendered":"Inauguration de la fresque murale : \u00e9v\u00e9nement festif et convivial !"},"content":{"rendered":"<p>L&rsquo;artiste Kesh a r\u00e9alis\u00e9 une fresque murale au sein de votre quartier : rejoignez vos voisin\u00b7es, ami\u00b7es, l&rsquo;association et l&rsquo;artiste lui m\u00eame pour l&rsquo;inaugurer !<\/p>\n<p>De 17h00 \u00e0 21h00, vous pourrez assister et participer \u00e0 :<\/p>\n<ul>\n<li>Une pr\u00e9sentation de la fresque par Kesh (17h)<\/li>\n<li>Un atelier de fresque num\u00e9rique durant toute la dur\u00e9e de l&rsquo;\u00e9v\u00e9nement (17h30-21h00) : <a href=\"https:\/\/digital-graffiti.ch\/\">https:\/\/digital-graffiti.ch\/<\/a><\/li>\n<li>Une chasse aux papillons avec de tr\u00e8s beaux lots \u00e0 la cl\u00e9 (17h30-19h)<\/li>\n<li>Un verre de l&rsquo;amiti\u00e9 \ud83d\ude42<\/li>\n<li>D&rsquo;autres surprises&#8230;<\/li>\n<\/ul>\n<p><strong>Pour le repas, il s&rsquo;agira d&rsquo;un grand repas canadien ! Nous vous attendons nombreux\u00b7ses avec vos meilleures sp\u00e9cialit\u00e9s culinaires !<\/strong><\/p>\n<p>Rendez-vous le 16 ao\u00fbt d\u00e8s 17h, \u00e0 c\u00f4t\u00e9 du mur de la cr\u00e8che, au fond du quartier. Vous pouvez contacter l&rsquo;association pour toute demande compl\u00e9mentaire.<\/p>\n","protected":false},"excerpt":{"rendered":"<p>L&rsquo;artiste Kesh a r\u00e9alis\u00e9 une fresque murale au sein de votre quartier : rejoignez vos voisin\u00b7es, ami\u00b7es, l&rsquo;association et l&rsquo;artiste lui m\u00eame pour l&rsquo;inaugurer ! De 17h00 \u00e0 21h00, vous [&hellip;]<\/p>\n","protected":false},"author":20,"featured_media":874,"template":"","meta":{"site-sidebar-layout":"default","site-content-layout":"","ast-site-content-layout":"default","site-content-style":"default","site-sidebar-style":"default","ast-global-header-display":"","ast-banner-title-visibility":"","ast-main-header-display":"","ast-hfb-above-header-display":"","ast-hfb-below-header-display":"","ast-hfb-mobile-header-display":"","site-post-title":"","ast-breadcrumbs-content":"","ast-featured-img":"","footer-sml-layout":"","ast-disable-related-posts":"","theme-transparent-header-meta":"default","adv-header-id-meta":"","stick-header-meta":"","header-above-stick-meta":"","header-main-stick-meta":"","header-below-stick-meta":"","astra-migrate-meta-layouts":"set","ast-page-background-enabled":"default","ast-page-background-meta":{"desktop":{"background-color":"var(--ast-global-color-4)","background-image":"","background-repeat":"repeat","background-position":"center center","background-size":"auto","background-attachment":"scroll","background-type":"","background-media":"","overlay-type":"","overlay-color":"","overlay-opacity":"","overlay-gradient":""},"tablet":{"background-color":"","background-image":"","background-repeat":"repeat","background-position":"center center","background-size":"auto","background-attachment":"scroll","background-type":"","background-media":"","overlay-type":"","overlay-color":"","overlay-opacity":"","overlay-gradient":""},"mobile":{"background-color":"","background-image":"","background-repeat":"repeat","background-position":"center center","background-size":"auto","background-attachment":"scroll","background-type":"","background-media":"","overlay-type":"","overlay-color":"","overlay-opacity":"","overlay-gradient":""}},"ast-content-background-meta":{"desktop":{"background-color":"var(--ast-global-color-5)","background-image":"","background-repeat":"repeat","background-position":"center center","background-size":"auto","background-attachment":"scroll","background-type":"","background-media":"","overlay-type":"","overlay-color":"","overlay-opacity":"","overlay-gradient":""},"tablet":{"background-color":"var(--ast-global-color-5)","background-image":"","background-repeat":"repeat","background-position":"center center","background-size":"auto","background-attachment":"scroll","background-type":"","background-media":"","overlay-type":"","overlay-color":"","overlay-opacity":"","overlay-gradient":""},"mobile":{"background-color":"var(--ast-global-color-5)","background-image":"","background-repeat":"repeat","background-position":"center center","background-size":"auto","background-attachment":"scroll","background-type":"","background-media":"","overlay-type":"","overlay-color":"","overlay-opacity":"","overlay-gradient":""}},"_tribe_events_status":"","_tribe_events_status_reason":"","_tribe_events_is_hybrid":"","_tribe_events_is_virtual":"","_tribe_events_virtual_video_source":"","_tribe_events_virtual_embed_video":"","_tribe_events_virtual_linked_button_text":"","_tribe_events_virtual_linked_button":"","_tribe_events_virtual_show_embed_at":"","_tribe_events_virtual_show_embed_to":[],"_tribe_events_virtual_show_on_event":"","_tribe_events_virtual_show_on_views":"","_tribe_events_virtual_url":"","footnotes":""},"tags":[],"tribe_events_cat":[17],"class_list":["post-873","tribe_events","type-tribe_events","status-publish","has-post-thumbnail","hentry","tribe_events_cat-public","cat_public"],"yoast_head":"<!-- This site is optimized with the Yoast SEO plugin v27.2 - https:\/\/yoast.com\/product\/yoast-seo-wordpress\/ -->\n<title>Inauguration de la fresque murale : \u00e9v\u00e9nement festif et convivial ! - Esplanade<\/title>\n<meta name=\"robots\" content=\"index, follow, max-snippet:-1, max-image-preview:large, max-video-preview:-1\" \/>\n<link rel=\"canonical\" href=\"https:\/\/notre-quartier.ch\/esplanade\/agenda\/inauguration-de-la-fresque-murale-evenement-festif-et-convivial\/\" \/>\n<meta property=\"og:locale\" content=\"fr_FR\" \/>\n<meta property=\"og:type\" content=\"article\" \/>\n<meta property=\"og:title\" content=\"Inauguration de la fresque murale : \u00e9v\u00e9nement festif et convivial ! - Esplanade\" \/>\n<meta property=\"og:description\" content=\"L&rsquo;artiste Kesh a r\u00e9alis\u00e9 une fresque murale au sein de votre quartier : rejoignez vos voisin\u00b7es, ami\u00b7es, l&rsquo;association et l&rsquo;artiste lui m\u00eame pour l&rsquo;inaugurer ! De 17h00 \u00e0 21h00, vous [&hellip;]\" \/>\n<meta property=\"og:url\" content=\"https:\/\/notre-quartier.ch\/esplanade\/agenda\/inauguration-de-la-fresque-murale-evenement-festif-et-convivial\/\" \/>\n<meta property=\"og:site_name\" content=\"Esplanade\" \/>\n<meta property=\"article:modified_time\" content=\"2025-08-12T14:14:08+00:00\" \/>\n<meta property=\"og:image\" content=\"https:\/\/notre-quartier.ch\/esplanade\/wp-content\/uploads\/sites\/9\/2025\/06\/2025-08-16_Affiche-Inauguration.png\" \/>\n\t<meta property=\"og:image:width\" content=\"1587\" \/>\n\t<meta property=\"og:image:height\" content=\"2245\" \/>\n\t<meta property=\"og:image:type\" content=\"image\/png\" \/>\n<meta name=\"twitter:card\" content=\"summary_large_image\" \/>\n<meta name=\"twitter:label1\" content=\"Dur\u00e9e de lecture estim\u00e9e\" \/>\n\t<meta name=\"twitter:data1\" content=\"1 minute\" \/>\n<script type=\"application\/ld+json\" class=\"yoast-schema-graph\">{\"@context\":\"https:\/\/schema.org\",\"@graph\":[{\"@type\":\"WebPage\",\"@id\":\"https:\/\/notre-quartier.ch\/esplanade\/agenda\/inauguration-de-la-fresque-murale-evenement-festif-et-convivial\/\",\"url\":\"https:\/\/notre-quartier.ch\/esplanade\/agenda\/inauguration-de-la-fresque-murale-evenement-festif-et-convivial\/\",\"name\":\"Inauguration de la fresque murale : \u00e9v\u00e9nement festif et convivial ! - Esplanade\",\"isPartOf\":{\"@id\":\"https:\/\/notre-quartier.ch\/esplanade\/#website\"},\"primaryImageOfPage\":{\"@id\":\"https:\/\/notre-quartier.ch\/esplanade\/agenda\/inauguration-de-la-fresque-murale-evenement-festif-et-convivial\/#primaryimage\"},\"image\":{\"@id\":\"https:\/\/notre-quartier.ch\/esplanade\/agenda\/inauguration-de-la-fresque-murale-evenement-festif-et-convivial\/#primaryimage\"},\"thumbnailUrl\":\"https:\/\/notre-quartier.ch\/esplanade\/wp-content\/uploads\/sites\/9\/2025\/06\/2025-08-16_Affiche-Inauguration.png\",\"datePublished\":\"2025-06-17T13:46:33+00:00\",\"dateModified\":\"2025-08-12T14:14:08+00:00\",\"breadcrumb\":{\"@id\":\"https:\/\/notre-quartier.ch\/esplanade\/agenda\/inauguration-de-la-fresque-murale-evenement-festif-et-convivial\/#breadcrumb\"},\"inLanguage\":\"fr-FR\",\"potentialAction\":[{\"@type\":\"ReadAction\",\"target\":[\"https:\/\/notre-quartier.ch\/esplanade\/agenda\/inauguration-de-la-fresque-murale-evenement-festif-et-convivial\/\"]}]},{\"@type\":\"ImageObject\",\"inLanguage\":\"fr-FR\",\"@id\":\"https:\/\/notre-quartier.ch\/esplanade\/agenda\/inauguration-de-la-fresque-murale-evenement-festif-et-convivial\/#primaryimage\",\"url\":\"https:\/\/notre-quartier.ch\/esplanade\/wp-content\/uploads\/sites\/9\/2025\/06\/2025-08-16_Affiche-Inauguration.png\",\"contentUrl\":\"https:\/\/notre-quartier.ch\/esplanade\/wp-content\/uploads\/sites\/9\/2025\/06\/2025-08-16_Affiche-Inauguration.png\",\"width\":1587,\"height\":2245},{\"@type\":\"BreadcrumbList\",\"@id\":\"https:\/\/notre-quartier.ch\/esplanade\/agenda\/inauguration-de-la-fresque-murale-evenement-festif-et-convivial\/#breadcrumb\",\"itemListElement\":[{\"@type\":\"ListItem\",\"position\":1,\"name\":\"Accueil\",\"item\":\"https:\/\/notre-quartier.ch\/esplanade\/\"},{\"@type\":\"ListItem\",\"position\":2,\"name\":\"\u00c9v\u00e8nements\",\"item\":\"https:\/\/notre-quartier.ch\/esplanade\/agenda\/\"},{\"@type\":\"ListItem\",\"position\":3,\"name\":\"Inauguration de la fresque murale : \u00e9v\u00e9nement festif et convivial !\"}]},{\"@type\":\"WebSite\",\"@id\":\"https:\/\/notre-quartier.ch\/esplanade\/#website\",\"url\":\"https:\/\/notre-quartier.ch\/esplanade\/\",\"name\":\"Esplanade\",\"description\":\"\",\"potentialAction\":[{\"@type\":\"SearchAction\",\"target\":{\"@type\":\"EntryPoint\",\"urlTemplate\":\"https:\/\/notre-quartier.ch\/esplanade\/?s={search_term_string}\"},\"query-input\":{\"@type\":\"PropertyValueSpecification\",\"valueRequired\":true,\"valueName\":\"search_term_string\"}}],\"inLanguage\":\"fr-FR\"}]}<\/script>\n<!-- \/ Yoast SEO plugin. -->","yoast_head_json":{"title":"Inauguration de la fresque murale : \u00e9v\u00e9nement festif et convivial ! - Esplanade","robots":{"index":"index","follow":"follow","max-snippet":"max-snippet:-1","max-image-preview":"max-image-preview:large","max-video-preview":"max-video-preview:-1"},"canonical":"https:\/\/notre-quartier.ch\/esplanade\/agenda\/inauguration-de-la-fresque-murale-evenement-festif-et-convivial\/","og_locale":"fr_FR","og_type":"article","og_title":"Inauguration de la fresque murale : \u00e9v\u00e9nement festif et convivial ! - Esplanade","og_description":"L&rsquo;artiste Kesh a r\u00e9alis\u00e9 une fresque murale au sein de votre quartier : rejoignez vos voisin\u00b7es, ami\u00b7es, l&rsquo;association et l&rsquo;artiste lui m\u00eame pour l&rsquo;inaugurer ! De 17h00 \u00e0 21h00, vous [&hellip;]","og_url":"https:\/\/notre-quartier.ch\/esplanade\/agenda\/inauguration-de-la-fresque-murale-evenement-festif-et-convivial\/","og_site_name":"Esplanade","article_modified_time":"2025-08-12T14:14:08+00:00","og_image":[{"width":1587,"height":2245,"url":"https:\/\/notre-quartier.ch\/esplanade\/wp-content\/uploads\/sites\/9\/2025\/06\/2025-08-16_Affiche-Inauguration.png","type":"image\/png"}],"twitter_card":"summary_large_image","twitter_misc":{"Dur\u00e9e de lecture estim\u00e9e":"1 minute"},"schema":{"@context":"https:\/\/schema.org","@graph":[{"@type":"WebPage","@id":"https:\/\/notre-quartier.ch\/esplanade\/agenda\/inauguration-de-la-fresque-murale-evenement-festif-et-convivial\/","url":"https:\/\/notre-quartier.ch\/esplanade\/agenda\/inauguration-de-la-fresque-murale-evenement-festif-et-convivial\/","name":"Inauguration de la fresque murale : \u00e9v\u00e9nement festif et convivial ! - Esplanade","isPartOf":{"@id":"https:\/\/notre-quartier.ch\/esplanade\/#website"},"primaryImageOfPage":{"@id":"https:\/\/notre-quartier.ch\/esplanade\/agenda\/inauguration-de-la-fresque-murale-evenement-festif-et-convivial\/#primaryimage"},"image":{"@id":"https:\/\/notre-quartier.ch\/esplanade\/agenda\/inauguration-de-la-fresque-murale-evenement-festif-et-convivial\/#primaryimage"},"thumbnailUrl":"https:\/\/notre-quartier.ch\/esplanade\/wp-content\/uploads\/sites\/9\/2025\/06\/2025-08-16_Affiche-Inauguration.png","datePublished":"2025-06-17T13:46:33+00:00","dateModified":"2025-08-12T14:14:08+00:00","breadcrumb":{"@id":"https:\/\/notre-quartier.ch\/esplanade\/agenda\/inauguration-de-la-fresque-murale-evenement-festif-et-convivial\/#breadcrumb"},"inLanguage":"fr-FR","potentialAction":[{"@type":"ReadAction","target":["https:\/\/notre-quartier.ch\/esplanade\/agenda\/inauguration-de-la-fresque-murale-evenement-festif-et-convivial\/"]}]},{"@type":"ImageObject","inLanguage":"fr-FR","@id":"https:\/\/notre-quartier.ch\/esplanade\/agenda\/inauguration-de-la-fresque-murale-evenement-festif-et-convivial\/#primaryimage","url":"https:\/\/notre-quartier.ch\/esplanade\/wp-content\/uploads\/sites\/9\/2025\/06\/2025-08-16_Affiche-Inauguration.png","contentUrl":"https:\/\/notre-quartier.ch\/esplanade\/wp-content\/uploads\/sites\/9\/2025\/06\/2025-08-16_Affiche-Inauguration.png","width":1587,"height":2245},{"@type":"BreadcrumbList","@id":"https:\/\/notre-quartier.ch\/esplanade\/agenda\/inauguration-de-la-fresque-murale-evenement-festif-et-convivial\/#breadcrumb","itemListElement":[{"@type":"ListItem","position":1,"name":"Accueil","item":"https:\/\/notre-quartier.ch\/esplanade\/"},{"@type":"ListItem","position":2,"name":"\u00c9v\u00e8nements","item":"https:\/\/notre-quartier.ch\/esplanade\/agenda\/"},{"@type":"ListItem","position":3,"name":"Inauguration de la fresque murale : \u00e9v\u00e9nement festif et convivial !"}]},{"@type":"WebSite","@id":"https:\/\/notre-quartier.ch\/esplanade\/#website","url":"https:\/\/notre-quartier.ch\/esplanade\/","name":"Esplanade","description":"","potentialAction":[{"@type":"SearchAction","target":{"@type":"EntryPoint","urlTemplate":"https:\/\/notre-quartier.ch\/esplanade\/?s={search_term_string}"},"query-input":{"@type":"PropertyValueSpecification","valueRequired":true,"valueName":"search_term_string"}}],"inLanguage":"fr-FR"}]}},"_links":{"self":[{"href":"https:\/\/notre-quartier.ch\/esplanade\/wp-json\/wp\/v2\/tribe_events\/873","targetHints":{"allow":["GET"]}}],"collection":[{"href":"https:\/\/notre-quartier.ch\/esplanade\/wp-json\/wp\/v2\/tribe_events"}],"about":[{"href":"https:\/\/notre-quartier.ch\/esplanade\/wp-json\/wp\/v2\/types\/tribe_events"}],"author":[{"embeddable":true,"href":"https:\/\/notre-quartier.ch\/esplanade\/wp-json\/wp\/v2\/users\/20"}],"version-history":[{"count":4,"href":"https:\/\/notre-quartier.ch\/esplanade\/wp-json\/wp\/v2\/tribe_events\/873\/revisions"}],"predecessor-version":[{"id":883,"href":"https:\/\/notre-quartier.ch\/esplanade\/wp-json\/wp\/v2\/tribe_events\/873\/revisions\/883"}],"wp:featuredmedia":[{"embeddable":true,"href":"https:\/\/notre-quartier.ch\/esplanade\/wp-json\/wp\/v2\/media\/874"}],"wp:attachment":[{"href":"https:\/\/notre-quartier.ch\/esplanade\/wp-json\/wp\/v2\/media?parent=873"}],"wp:term":[{"taxonomy":"post_tag","embeddable":true,"href":"https:\/\/notre-quartier.ch\/esplanade\/wp-json\/wp\/v2\/tags?post=873"},{"taxonomy":"tribe_events_cat","embeddable":true,"href":"https:\/\/notre-quartier.ch\/esplanade\/wp-json\/wp\/v2\/tribe_events_cat?post=873"}],"curies":[{"name":"wp","href":"https:\/\/api.w.org\/{rel}","templated":true}]}}