{"id":21,"date":"2024-07-25T11:28:24","date_gmt":"2024-07-25T09:28:24","guid":{"rendered":"https:\/\/notre-quartier.ch\/esplanade\/evenements\/"},"modified":"2025-02-27T09:44:12","modified_gmt":"2025-02-27T08:44:12","slug":"evenements","status":"publish","type":"page","link":"https:\/\/notre-quartier.ch\/esplanade\/evenements\/","title":{"rendered":"Ev\u00e8nements"},"content":{"rendered":"\t\t<div data-elementor-type=\"wp-page\" data-elementor-id=\"21\" class=\"elementor elementor-21\" data-elementor-post-type=\"page\">\n\t\t\t\t\t\t<section class=\"elementor-section elementor-top-section elementor-element elementor-element-18f00425 elementor-section-boxed elementor-section-height-default elementor-section-height-default\" data-id=\"18f00425\" data-element_type=\"section\" data-e-type=\"section\" data-settings=\"{&quot;jet_parallax_layout_list&quot;:[{&quot;jet_parallax_layout_image&quot;:{&quot;url&quot;:&quot;&quot;,&quot;id&quot;:&quot;&quot;,&quot;size&quot;:&quot;&quot;},&quot;_id&quot;:&quot;264313d&quot;,&quot;jet_parallax_layout_image_tablet&quot;:{&quot;url&quot;:&quot;&quot;,&quot;id&quot;:&quot;&quot;,&quot;size&quot;:&quot;&quot;},&quot;jet_parallax_layout_image_mobile&quot;:{&quot;url&quot;:&quot;&quot;,&quot;id&quot;:&quot;&quot;,&quot;size&quot;:&quot;&quot;},&quot;jet_parallax_layout_speed&quot;:{&quot;unit&quot;:&quot;%&quot;,&quot;size&quot;:50,&quot;sizes&quot;:[]},&quot;jet_parallax_layout_type&quot;:&quot;scroll&quot;,&quot;jet_parallax_layout_direction&quot;:&quot;1&quot;,&quot;jet_parallax_layout_fx_direction&quot;:null,&quot;jet_parallax_layout_z_index&quot;:&quot;&quot;,&quot;jet_parallax_layout_bg_x&quot;:50,&quot;jet_parallax_layout_bg_x_tablet&quot;:&quot;&quot;,&quot;jet_parallax_layout_bg_x_mobile&quot;:&quot;&quot;,&quot;jet_parallax_layout_bg_y&quot;:50,&quot;jet_parallax_layout_bg_y_tablet&quot;:&quot;&quot;,&quot;jet_parallax_layout_bg_y_mobile&quot;:&quot;&quot;,&quot;jet_parallax_layout_bg_size&quot;:&quot;auto&quot;,&quot;jet_parallax_layout_bg_size_tablet&quot;:&quot;&quot;,&quot;jet_parallax_layout_bg_size_mobile&quot;:&quot;&quot;,&quot;jet_parallax_layout_animation_prop&quot;:&quot;transform&quot;,&quot;jet_parallax_layout_on&quot;:[&quot;desktop&quot;,&quot;tablet&quot;]}]}\">\n\t\t\t\t\t\t<div class=\"elementor-container elementor-column-gap-default\">\n\t\t\t\t\t<div class=\"elementor-column elementor-col-100 elementor-top-column elementor-element elementor-element-6609b3d4\" data-id=\"6609b3d4\" data-element_type=\"column\" data-e-type=\"column\">\n\t\t\t<div class=\"elementor-widget-wrap elementor-element-populated\">\n\t\t\t\t\t\t<div class=\"elementor-element elementor-element-420c5db5 elementor-widget elementor-widget-heading\" data-id=\"420c5db5\" data-element_type=\"widget\" data-e-type=\"widget\" data-widget_type=\"heading.default\">\n\t\t\t\t<div class=\"elementor-widget-container\">\n\t\t\t\t\t<h1 class=\"elementor-heading-title elementor-size-default\">Agenda<\/h1>\t\t\t\t<\/div>\n\t\t\t\t<\/div>\n\t\t\t\t\t<\/div>\n\t\t<\/div>\n\t\t\t\t\t<\/div>\n\t\t<\/section>\n\t\t\t\t<section class=\"elementor-section elementor-top-section elementor-element elementor-element-5b47dcd6 elementor-section-boxed elementor-section-height-default elementor-section-height-default\" data-id=\"5b47dcd6\" data-element_type=\"section\" data-e-type=\"section\" data-settings=\"{&quot;jet_parallax_layout_list&quot;:[]}\">\n\t\t\t\t\t\t<div class=\"elementor-container elementor-column-gap-default\">\n\t\t\t\t\t<div class=\"elementor-column elementor-col-100 elementor-top-column elementor-element elementor-element-6471116b\" data-id=\"6471116b\" data-element_type=\"column\" data-e-type=\"column\">\n\t\t\t<div class=\"elementor-widget-wrap elementor-element-populated\">\n\t\t\t\t\t\t<div class=\"elementor-element elementor-element-5b9747f4 elementor-widget elementor-widget-shortcode\" data-id=\"5b9747f4\" data-element_type=\"widget\" data-e-type=\"widget\" data-widget_type=\"shortcode.default\">\n\t\t\t\t<div class=\"elementor-widget-container\">\n\t\t\t\t\t\t\t<div class=\"elementor-shortcode\"><div\n\t class=\"tribe-common tribe-events tribe-events-view tribe-events-view--list alignwide tribe-events-view--shortcode tribe-events-view--shortcode-16cce156\" \tdata-js=\"tribe-events-view\"\n\tdata-view-rest-url=\"https:\/\/notre-quartier.ch\/esplanade\/wp-json\/tribe\/views\/v2\/html\"\n\tdata-view-rest-method=\"GET\"\n\tdata-view-manage-url=\"\"\n\t\t\tdata-view-shortcode=\"16cce156\"\n\t\t\t\tdata-view-breakpoint-pointer=\"43778262-2897-4c83-b388-646c06ba7917\"\n\t>\n\t<section class=\"tribe-common-l-container tribe-events-l-container\">\n\t\t<div\n\tclass=\"tribe-events-view-loader tribe-common-a11y-hidden\"\n\trole=\"alert\"\n\taria-live=\"polite\"\n>\n\t<span class=\"tribe-events-view-loader__text tribe-common-a11y-visual-hide\">\n\t\t0 \u00e9v\u00e8nements found.\t<\/span>\n\t<div class=\"tribe-events-view-loader__dots tribe-common-c-loader\">\n\t\t<svg\n\t class=\"tribe-common-c-svgicon tribe-common-c-svgicon--dot tribe-common-c-loader__dot tribe-common-c-loader__dot--first\" \taria-hidden=\"true\"\n\tviewBox=\"0 0 15 15\"\n\txmlns=\"http:\/\/www.w3.org\/2000\/svg\"\n>\n\t<circle cx=\"7.5\" cy=\"7.5\" r=\"7.5\"\/>\n<\/svg>\n\t\t<svg\n\t class=\"tribe-common-c-svgicon tribe-common-c-svgicon--dot tribe-common-c-loader__dot tribe-common-c-loader__dot--second\" \taria-hidden=\"true\"\n\tviewBox=\"0 0 15 15\"\n\txmlns=\"http:\/\/www.w3.org\/2000\/svg\"\n>\n\t<circle cx=\"7.5\" cy=\"7.5\" r=\"7.5\"\/>\n<\/svg>\n\t\t<svg\n\t class=\"tribe-common-c-svgicon tribe-common-c-svgicon--dot tribe-common-c-loader__dot tribe-common-c-loader__dot--third\" \taria-hidden=\"true\"\n\tviewBox=\"0 0 15 15\"\n\txmlns=\"http:\/\/www.w3.org\/2000\/svg\"\n>\n\t<circle cx=\"7.5\" cy=\"7.5\" r=\"7.5\"\/>\n<\/svg>\n\t<\/div>\n<\/div>\n\n\t\t\n\t\t<script data-js=\"tribe-events-view-data\" type=\"application\/json\">\n\t{\"slug\":\"list\",\"prev_url\":\"https:\\\/\\\/notre-quartier.ch\\\/esplanade\\\/agenda\\\/liste\\\/?rest_route=%2Fwp%2Fv2%2Fpages%2F21&shortcode=16cce156&eventDisplay=past\",\"next_url\":\"\",\"view_class\":\"Tribe\\\\Events\\\\Views\\\\V2\\\\Views\\\\List_View\",\"view_slug\":\"list\",\"view_label\":\"Liste\",\"title\":\"Prochains \\u00c9v\\u00e8nements \\u2013 Esplanade\",\"events\":[],\"url\":\"https:\\\/\\\/notre-quartier.ch\\\/esplanade\\\/agenda\\\/liste\\\/?shortcode=16cce156\",\"url_event_date\":false,\"bar\":{\"keyword\":\"\",\"date\":\"\"},\"today\":\"2026-04-26 00:00:00\",\"now\":\"2026-04-26 19:25:50\",\"home_url\":\"https:\\\/\\\/notre-quartier.ch\\\/esplanade\",\"rest_url\":\"https:\\\/\\\/notre-quartier.ch\\\/esplanade\\\/wp-json\\\/tribe\\\/views\\\/v2\\\/html\",\"rest_method\":\"GET\",\"rest_nonce\":\"\",\"should_manage_url\":false,\"today_url\":\"https:\\\/\\\/notre-quartier.ch\\\/esplanade\\\/agenda\\\/liste\\\/?rest_route=%2Fwp%2Fv2%2Fpages%2F21&shortcode=16cce156\",\"today_title\":\"Cliquer pour s\\u00e9lectionner la date du jour\",\"today_label\":\"Aujourd\\u2019hui\",\"prev_label\":\"\",\"next_label\":\"\",\"date_formats\":{\"compact\":\"d.m.Y\",\"month_and_year_compact\":\"m.Y\",\"month_and_year\":\"F Y\",\"time_range_separator\":\" - \",\"date_time_separator\":\" de \"},\"messages\":{\"notice\":[\"Il n\\u2019y a pas d\\u2019\\u00e9v\\u00e8nements \\u00e0 venir.\"]},\"start_of_week\":\"1\",\"header_title\":\"\",\"header_title_element\":\"h1\",\"content_title\":\"\",\"show_content_title\":false,\"breadcrumbs\":[],\"backlink\":false,\"before_events\":\"\",\"after_events\":\"\",\"display_events_bar\":true,\"disable_event_search\":true,\"live_refresh\":true,\"ical\":{\"display_link\":true,\"link\":{\"url\":\"https:\\\/\\\/notre-quartier.ch\\\/esplanade\\\/agenda\\\/liste\\\/?shortcode=16cce156&#038;ical=1\",\"text\":\"Exporter \\u00c9v\\u00e8nements\",\"title\":\"Utilisez ceci pour partager les donn\\u00e9es de calendrier avec Google Calendar, Apple iCal et d\\u2019autres applications compatibles\"}},\"container_classes\":[\"tribe-common\",\"tribe-events\",\"tribe-events-view\",\"tribe-events-view--list\",\"alignwide\",\"tribe-events-view--shortcode\",\"tribe-events-view--shortcode-16cce156\"],\"container_data\":{\"shortcode\":\"16cce156\"},\"is_past\":false,\"breakpoints\":{\"xsmall\":500,\"medium\":768,\"full\":960},\"breakpoint_pointer\":\"43778262-2897-4c83-b388-646c06ba7917\",\"is_initial_load\":false,\"public_views\":{\"list\":{\"view_class\":\"Tribe\\\\Events\\\\Views\\\\V2\\\\Views\\\\List_View\",\"view_url\":\"https:\\\/\\\/notre-quartier.ch\\\/esplanade\\\/agenda\\\/liste\\\/?shortcode=16cce156\",\"view_label\":\"Liste\",\"aria_label\":\"Display \\u00c9v\\u00e8nements in Liste View\"},\"month\":{\"view_class\":\"Tribe\\\\Events\\\\Views\\\\V2\\\\Views\\\\Month_View\",\"view_url\":\"https:\\\/\\\/notre-quartier.ch\\\/esplanade\\\/agenda\\\/mois\\\/?shortcode=16cce156\",\"view_label\":\"Mois\",\"aria_label\":\"Display \\u00c9v\\u00e8nements in Mois View\"},\"day\":{\"view_class\":\"Tribe\\\\Events\\\\Views\\\\V2\\\\Views\\\\Day_View\",\"view_url\":\"https:\\\/\\\/notre-quartier.ch\\\/esplanade\\\/agenda\\\/aujourdhui\\\/?shortcode=16cce156\",\"view_label\":\"Jour\",\"aria_label\":\"Display \\u00c9v\\u00e8nements in Jour View\"}},\"show_latest_past\":true,\"past\":false,\"show_now\":true,\"now_label\":\"\\u00c0 venir\",\"now_label_mobile\":\"\\u00c0 venir\",\"show_end\":false,\"selected_start_datetime\":\"2026-04-26\",\"selected_start_date_mobile\":\"26.04.2026\",\"selected_start_date_label\":\"26 avril\",\"selected_end_datetime\":\"2026-04-26\",\"selected_end_date_mobile\":\"26.04.2026\",\"selected_end_date_label\":\"Maintenant\",\"datepicker_date\":\"26.04.2026\",\"subscribe_links\":{\"gcal\":{\"label\":\"Google Agenda\",\"single_label\":\"Ajouter \\u00e0 Google Agenda\",\"visible\":true,\"block_slug\":\"hasGoogleCalendar\"},\"ical\":{\"label\":\"iCalendar\",\"single_label\":\"Ajouter \\u00e0 iCalendar\",\"visible\":true,\"block_slug\":\"hasiCal\"},\"outlook-365\":{\"label\":\"Outlook 365\",\"single_label\":\"Outlook 365\",\"visible\":true,\"block_slug\":\"hasOutlook365\"},\"outlook-live\":{\"label\":\"Outlook Live\",\"single_label\":\"Outlook Live\",\"visible\":true,\"block_slug\":\"hasOutlookLive\"},\"ics\":{\"label\":\"Exporter le fichier .ics\",\"single_label\":\"Exporter le fichier .ics\",\"visible\":true,\"block_slug\":null},\"outlook-ics\":{\"label\":\"Exporter le fichier Outlook .ics\",\"single_label\":\"Exporter le fichier Outlook .ics\",\"visible\":true,\"block_slug\":null}},\"display_recurring_toggle\":false,\"_context\":{\"slug\":\"list\",\"should_manage_url\":false},\"text\":\"Chargement\\u2026\",\"classes\":[\"tribe-common-c-loader__dot\",\"tribe-common-c-loader__dot--third\"]}<\/script>\n\n\t\t\n\t\t\n<header  class=\"tribe-events-header\" >\n\t\n\t<div  class=\"tribe-events-header__messages tribe-events-c-messages tribe-common-b2 tribe-common-c-loader__dot tribe-common-c-loader__dot--third\"  >\n\t\t\t<div class=\"tribe-events-c-messages__message tribe-events-c-messages__message--notice\" tabindex=\"0\" role=\"alert\" aria-live=\"assertive\">\n\t\t\t\t\t\t\t\t\t\t<div\n\t\t\t\t\t data-key=\"0\" >\n\t\t\t\t\tIl n\u2019y a pas d\u2019\u00e9v\u00e8nements \u00e0 venir.\t\t\t\t<\/div>\n\t\t\t\t\t<\/div>\n\t<\/div>\n\n\t<div  class=\"tribe-events-header__messages tribe-events-c-messages tribe-common-b2 tribe-events-header__messages--mobile\"  >\n\t\t\t<div class=\"tribe-events-c-messages__message tribe-events-c-messages__message--notice\" tabindex=\"0\" role=\"alert\" aria-live=\"assertive\">\n\t\t\t\t\t\t\t\t\t\t<div\n\t\t\t\t\t data-key=\"0\" >\n\t\t\t\t\tIl n\u2019y a pas d\u2019\u00e9v\u00e8nements \u00e0 venir.\t\t\t\t<\/div>\n\t\t\t\t\t<\/div>\n\t<\/div>\n\n\t<div\n\t class=\"tribe-events-header__events-bar tribe-events-c-events-bar\" \tdata-js=\"tribe-events-events-bar\"\n>\n\n\t<h2 class=\"tribe-common-a11y-visual-hide\">\n\t\tNavigation par consultations\t<\/h2>\n\n\t\n\t<div class=\"tribe-events-c-events-bar__views\">\n\t<h3 class=\"tribe-common-a11y-visual-hide\">\n\t\tNavigation de vues \u00c9v\u00e8nement\t<\/h3>\n\t<div  class=\"tribe-events-c-view-selector\"  data-js=\"tribe-events-view-selector\">\n\t\t<button\n\t\t\tclass=\"tribe-events-c-view-selector__button tribe-common-c-btn__clear\"\n\t\t\tdata-js=\"tribe-events-view-selector-button\"\n\t\t\taria-current=\"true\"\n\t\t\taria-description=\"Select Calendar View\"\n\t\t>\n\t\t\t<span class=\"tribe-events-c-view-selector__button-icon\">\n\t\t\t\t<svg\n\t class=\"tribe-common-c-svgicon tribe-common-c-svgicon--list tribe-events-c-view-selector__button-icon-svg\" \taria-hidden=\"true\"\n\tviewBox=\"0 0 19 19\"\n\txmlns=\"http:\/\/www.w3.org\/2000\/svg\"\n>\n\t<path fill-rule=\"evenodd\" clip-rule=\"evenodd\" d=\"M.451.432V17.6c0 .238.163.432.364.432H18.12c.2 0 .364-.194.364-.432V.432c0-.239-.163-.432-.364-.432H.815c-.2 0-.364.193-.364.432zm.993.81h16.024V3.56H1.444V1.24zM17.468 3.56H1.444v13.227h16.024V3.56z\" class=\"tribe-common-c-svgicon__svg-fill\"\/>\n\t<g clip-path=\"url(#tribe-events-c-view-selector__button-icon-svg-0)\" class=\"tribe-common-c-svgicon__svg-fill\">\n\t\t<path fill-rule=\"evenodd\" clip-rule=\"evenodd\" d=\"M11.831 4.912v1.825c0 .504.409.913.913.913h1.825a.913.913 0 00.912-.913V4.912A.913.913 0 0014.57 4h-1.825a.912.912 0 00-.913.912z\"\/>\n\t\t<path d=\"M8.028 7.66a.449.449 0 00.446-.448v-.364c0-.246-.2-.448-.446-.448h-4.13a.449.449 0 00-.447.448v.364c0 .246.201.448.447.448h4.13zM9.797 5.26a.449.449 0 00.447-.448v-.364c0-.246-.201-.448-.447-.448h-5.9a.449.449 0 00-.446.448v.364c0 .246.201.448.447.448h5.9z\"\/>\n\t<\/g>\n\t<g clip-path=\"url(#tribe-events-c-view-selector__button-icon-svg-1)\" class=\"tribe-common-c-svgicon__svg-fill\">\n\t\t\t<path fill-rule=\"evenodd\" clip-rule=\"evenodd\" d=\"M11.831 10.912v1.825c0 .505.409.913.913.913h1.825a.913.913 0 00.912-.912v-1.825A.913.913 0 0014.57 10h-1.825a.912.912 0 00-.913.912z\"\/>\n\t\t<path d=\"M8.028 13.66a.449.449 0 00.446-.448v-.364c0-.246-.2-.448-.446-.448h-4.13a.449.449 0 00-.447.448v.364c0 .246.201.448.447.448h4.13zM9.797 11.26a.449.449 0 00.447-.448v-.364c0-.246-.201-.448-.447-.448h-5.9a.449.449 0 00-.446.448v.364c0 .246.201.448.447.448h5.9z\"\/>\n\t<\/g>\n\t<defs>\n\t\t<clipPath id=\"tribe-events-c-view-selector__button-icon-svg-0\">\n\t\t\t<path transform=\"translate(3.451 4)\" d=\"M0 0h13v4H0z\"\/>\n\t\t<\/clipPath>\n\t\t<clipPath id=\"tribe-events-c-view-selector__button-icon-svg-1\">\n\t\t\t<path transform=\"translate(3.451 10)\" d=\"M0 0h13v4H0z\"\/>\n\t\t<\/clipPath>\n\t<\/defs>\n<\/svg>\n\t\t\t<\/span>\n\t\t\t<span class=\"tribe-events-c-view-selector__button-text tribe-common-a11y-visual-hide\">\n\t\t\t\tListe\t\t\t<\/span>\n\t\t\t<svg\n\t class=\"tribe-common-c-svgicon tribe-common-c-svgicon--caret-down tribe-events-c-view-selector__button-icon-caret-svg\" \taria-hidden=\"true\"\n\tviewBox=\"0 0 10 7\"\n\txmlns=\"http:\/\/www.w3.org\/2000\/svg\"\n>\n\t<path fill-rule=\"evenodd\" clip-rule=\"evenodd\" d=\"M1.008.609L5 4.6 8.992.61l.958.958L5 6.517.05 1.566l.958-.958z\" class=\"tribe-common-c-svgicon__svg-fill\"\/>\n<\/svg>\n\t\t<\/button>\n\t\t<div\n\tclass=\"tribe-events-c-view-selector__content\"\n\tid=\"tribe-events-view-selector-content\"\n\tdata-js=\"tribe-events-view-selector-list-container\"\n>\n\t<ul class=\"tribe-events-c-view-selector__list\">\n\t\t\t\t\t<li\n\t class=\"tribe-events-c-view-selector__list-item tribe-events-c-view-selector__list-item--list tribe-events-c-view-selector__list-item--active\" >\n\t<a\n\t\thref=\"https:\/\/notre-quartier.ch\/esplanade\/agenda\/liste\/?shortcode=16cce156\"\n\t\tclass=\"tribe-events-c-view-selector__list-item-link\"\n\t\tdata-js=\"tribe-events-view-link\"\n\t\taria-label=\"Display \u00c9v\u00e8nements in Liste View\"\n\t\t\t\taria-current=\"true\"\n\t\t\t>\n\t\t<span class=\"tribe-events-c-view-selector__list-item-icon\">\n\t\t\t<svg\n\t class=\"tribe-common-c-svgicon tribe-common-c-svgicon--list tribe-events-c-view-selector__list-item-icon-svg\" \taria-hidden=\"true\"\n\tviewBox=\"0 0 19 19\"\n\txmlns=\"http:\/\/www.w3.org\/2000\/svg\"\n>\n\t<path fill-rule=\"evenodd\" clip-rule=\"evenodd\" d=\"M.451.432V17.6c0 .238.163.432.364.432H18.12c.2 0 .364-.194.364-.432V.432c0-.239-.163-.432-.364-.432H.815c-.2 0-.364.193-.364.432zm.993.81h16.024V3.56H1.444V1.24zM17.468 3.56H1.444v13.227h16.024V3.56z\" class=\"tribe-common-c-svgicon__svg-fill\"\/>\n\t<g clip-path=\"url(#tribe-events-c-view-selector__list-item-icon-svg-0)\" class=\"tribe-common-c-svgicon__svg-fill\">\n\t\t<path fill-rule=\"evenodd\" clip-rule=\"evenodd\" d=\"M11.831 4.912v1.825c0 .504.409.913.913.913h1.825a.913.913 0 00.912-.913V4.912A.913.913 0 0014.57 4h-1.825a.912.912 0 00-.913.912z\"\/>\n\t\t<path d=\"M8.028 7.66a.449.449 0 00.446-.448v-.364c0-.246-.2-.448-.446-.448h-4.13a.449.449 0 00-.447.448v.364c0 .246.201.448.447.448h4.13zM9.797 5.26a.449.449 0 00.447-.448v-.364c0-.246-.201-.448-.447-.448h-5.9a.449.449 0 00-.446.448v.364c0 .246.201.448.447.448h5.9z\"\/>\n\t<\/g>\n\t<g clip-path=\"url(#tribe-events-c-view-selector__list-item-icon-svg-1)\" class=\"tribe-common-c-svgicon__svg-fill\">\n\t\t\t<path fill-rule=\"evenodd\" clip-rule=\"evenodd\" d=\"M11.831 10.912v1.825c0 .505.409.913.913.913h1.825a.913.913 0 00.912-.912v-1.825A.913.913 0 0014.57 10h-1.825a.912.912 0 00-.913.912z\"\/>\n\t\t<path d=\"M8.028 13.66a.449.449 0 00.446-.448v-.364c0-.246-.2-.448-.446-.448h-4.13a.449.449 0 00-.447.448v.364c0 .246.201.448.447.448h4.13zM9.797 11.26a.449.449 0 00.447-.448v-.364c0-.246-.201-.448-.447-.448h-5.9a.449.449 0 00-.446.448v.364c0 .246.201.448.447.448h5.9z\"\/>\n\t<\/g>\n\t<defs>\n\t\t<clipPath id=\"tribe-events-c-view-selector__list-item-icon-svg-0\">\n\t\t\t<path transform=\"translate(3.451 4)\" d=\"M0 0h13v4H0z\"\/>\n\t\t<\/clipPath>\n\t\t<clipPath id=\"tribe-events-c-view-selector__list-item-icon-svg-1\">\n\t\t\t<path transform=\"translate(3.451 10)\" d=\"M0 0h13v4H0z\"\/>\n\t\t<\/clipPath>\n\t<\/defs>\n<\/svg>\n\t\t<\/span>\n\t\t<span class=\"tribe-events-c-view-selector__list-item-text\">\n\t\t\tListe\t\t<\/span>\n\t<\/a>\n<\/li>\n\t\t\t\t\t<li\n\t class=\"tribe-events-c-view-selector__list-item tribe-events-c-view-selector__list-item--month\" >\n\t<a\n\t\thref=\"https:\/\/notre-quartier.ch\/esplanade\/agenda\/mois\/?shortcode=16cce156\"\n\t\tclass=\"tribe-events-c-view-selector__list-item-link\"\n\t\tdata-js=\"tribe-events-view-link\"\n\t\taria-label=\"Display \u00c9v\u00e8nements in Mois View\"\n\t\t\t>\n\t\t<span class=\"tribe-events-c-view-selector__list-item-icon\">\n\t\t\t<svg\n\t class=\"tribe-common-c-svgicon tribe-common-c-svgicon--month tribe-events-c-view-selector__list-item-icon-svg\" \taria-hidden=\"true\"\n\tviewBox=\"0 0 18 19\"\n\txmlns=\"http:\/\/www.w3.org\/2000\/svg\"\n>\n\t<path fill-rule=\"evenodd\" clip-rule=\"evenodd\" d=\"M0 .991v17.04c0 .236.162.428.361.428h17.175c.2 0 .361-.192.361-.429V.991c0-.237-.162-.428-.361-.428H.36C.161.563 0 .754 0 .99zm.985.803H16.89v2.301H.985v-2.3zM16.89 5.223H.985v12H16.89v-12zM6.31 7.366v.857c0 .237.192.429.429.429h.857a.429.429 0 00.428-.429v-.857a.429.429 0 00-.428-.429H6.74a.429.429 0 00-.429.429zm3.429.857v-.857c0-.237.191-.429.428-.429h.857c.237 0 .429.192.429.429v.857a.429.429 0 01-.429.429h-.857a.429.429 0 01-.428-.429zm3.428-.857v.857c0 .237.192.429.429.429h.857a.429.429 0 00.428-.429v-.857a.429.429 0 00-.428-.429h-.857a.429.429 0 00-.429.429zm-6.857 4.286v-.858c0-.236.192-.428.429-.428h.857c.236 0 .428.192.428.428v.858a.429.429 0 01-.428.428H6.74a.429.429 0 01-.429-.428zm3.429-.858v.858c0 .236.191.428.428.428h.857a.429.429 0 00.429-.428v-.858a.429.429 0 00-.429-.428h-.857a.428.428 0 00-.428.428zm3.428.858v-.858c0-.236.192-.428.429-.428h.857c.236 0 .428.192.428.428v.858a.429.429 0 01-.428.428h-.857a.429.429 0 01-.429-.428zm-10.286-.858v.858c0 .236.192.428.429.428h.857a.429.429 0 00.429-.428v-.858a.429.429 0 00-.429-.428h-.857a.429.429 0 00-.429.428zm0 4.286v-.857c0-.237.192-.429.429-.429h.857c.237 0 .429.192.429.429v.857a.429.429 0 01-.429.429h-.857a.429.429 0 01-.429-.429zm3.429-.857v.857c0 .237.192.429.429.429h.857a.429.429 0 00.428-.429v-.857a.429.429 0 00-.428-.429H6.74a.429.429 0 00-.429.429zm3.429.857v-.857c0-.237.191-.429.428-.429h.857c.237 0 .429.192.429.429v.857a.429.429 0 01-.429.429h-.857a.429.429 0 01-.428-.429z\" class=\"tribe-common-c-svgicon__svg-fill\"\/>\n<\/svg>\n\t\t<\/span>\n\t\t<span class=\"tribe-events-c-view-selector__list-item-text\">\n\t\t\tMois\t\t<\/span>\n\t<\/a>\n<\/li>\n\t\t\t\t\t<li\n\t class=\"tribe-events-c-view-selector__list-item tribe-events-c-view-selector__list-item--day\" >\n\t<a\n\t\thref=\"https:\/\/notre-quartier.ch\/esplanade\/agenda\/aujourdhui\/?shortcode=16cce156\"\n\t\tclass=\"tribe-events-c-view-selector__list-item-link\"\n\t\tdata-js=\"tribe-events-view-link\"\n\t\taria-label=\"Display \u00c9v\u00e8nements in Jour View\"\n\t\t\t>\n\t\t<span class=\"tribe-events-c-view-selector__list-item-icon\">\n\t\t\t<svg\n\t class=\"tribe-common-c-svgicon tribe-common-c-svgicon--day tribe-events-c-view-selector__list-item-icon-svg\" \taria-hidden=\"true\"\n\tviewBox=\"0 0 19 18\"\n\txmlns=\"http:\/\/www.w3.org\/2000\/svg\"\n>\n\t<path fill-rule=\"evenodd\" clip-rule=\"evenodd\" d=\"M.363 17.569V.43C.363.193.526 0 .726 0H18c.201 0 .364.193.364.431V17.57c0 .238-.163.431-.364.431H.726c-.2 0-.363-.193-.363-.431zm16.985-16.33H1.354v2.314h15.994V1.24zM1.354 4.688h15.994v12.07H1.354V4.687zm11.164 9.265v-1.498c0-.413.335-.748.748-.748h1.498c.413 0 .748.335.748.748v1.498a.749.749 0 01-.748.748h-1.498a.749.749 0 01-.748-.748z\" class=\"tribe-common-c-svgicon__svg-fill\"\/>\n<\/svg>\n\t\t<\/span>\n\t\t<span class=\"tribe-events-c-view-selector__list-item-text\">\n\t\t\tJour\t\t<\/span>\n\t<\/a>\n<\/li>\n\t\t\t<\/ul>\n<\/div>\n\t<\/div>\n<\/div>\n\n<\/div>\n\n\t<div class=\"tribe-events-c-top-bar tribe-events-header__top-bar\">\n\n\t<nav class=\"tribe-events-c-top-bar__nav tribe-common-a11y-hidden\" aria-label=\"Top \u00e9v\u00e8nements list pagination\">\n\t<ul class=\"tribe-events-c-top-bar__nav-list\">\n\t\t<li class=\"tribe-events-c-top-bar__nav-list-item\">\n\t<a\n\t\thref=\"https:\/\/notre-quartier.ch\/esplanade\/agenda\/liste\/?rest_route=%2Fwp%2Fv2%2Fpages%2F21&#038;shortcode=16cce156&#038;eventDisplay=past\"\n\t\tclass=\"tribe-common-c-btn-icon tribe-common-c-btn-icon--caret-left tribe-events-c-top-bar__nav-link tribe-events-c-top-bar__nav-link--prev\"\n\t\taria-label=\"\u00c9v\u00e8nements pr\u00e9c\u00e9dents\"\n\t\ttitle=\"\u00c9v\u00e8nements pr\u00e9c\u00e9dents\"\n\t\tdata-js=\"tribe-events-view-link\"\n\t>\n\t\t<svg\n\t class=\"tribe-common-c-svgicon tribe-common-c-svgicon--caret-left tribe-common-c-btn-icon__icon-svg tribe-events-c-top-bar__nav-link-icon-svg\" \taria-hidden=\"true\"\n\tviewBox=\"0 0 10 16\"\n\txmlns=\"http:\/\/www.w3.org\/2000\/svg\"\n>\n\t<path d=\"M9.7 14.4l-1.5 1.5L.3 8 8.2.1l1.5 1.5L3.3 8l6.4 6.4z\"\/>\n<\/svg>\n\t<\/a>\n<\/li>\n\n\t\t<li class=\"tribe-events-c-top-bar__nav-list-item\">\n\t<button\n\t\tclass=\"tribe-common-c-btn-icon tribe-common-c-btn-icon--caret-right tribe-events-c-top-bar__nav-link tribe-events-c-top-bar__nav-link--next\"\n\t\taria-label=\"\u00c9v\u00e8nements suivants\"\n\t\ttitle=\"\u00c9v\u00e8nements suivants\"\n\t\tdisabled\n\t>\n\t\t<svg\n\t class=\"tribe-common-c-svgicon tribe-common-c-svgicon--caret-right tribe-common-c-btn-icon__icon-svg tribe-events-c-top-bar__nav-link-icon-svg\" \taria-hidden=\"true\"\n\tviewBox=\"0 0 10 16\"\n\txmlns=\"http:\/\/www.w3.org\/2000\/svg\"\n>\n\t<path d=\"M.3 1.6L1.8.1 9.7 8l-7.9 7.9-1.5-1.5L6.7 8 .3 1.6z\"\/>\n<\/svg>\n\t<\/button>\n<\/li>\n\t<\/ul>\n<\/nav>\n\n\t<a\n\thref=\"https:\/\/notre-quartier.ch\/esplanade\/agenda\/liste\/?rest_route=%2Fwp%2Fv2%2Fpages%2F21&#038;shortcode=16cce156\"\n\tclass=\"tribe-common-c-btn-border-small tribe-events-c-top-bar__today-button tribe-common-a11y-hidden\"\n\tdata-js=\"tribe-events-view-link\"\n\taria-description=\"Cliquer pour s\u00e9lectionner la date du jour\"\n>\n\tAujourd\u2019hui<\/a>\n\n\t<div class=\"tribe-events-c-top-bar__datepicker\">\n\t<button\n\t\tclass=\"tribe-common-c-btn__clear tribe-common-h3 tribe-common-h--alt tribe-events-c-top-bar__datepicker-button\"\n\t\tdata-js=\"tribe-events-top-bar-datepicker-button\"\n\t\ttype=\"button\"\n\t\taria-description=\"Cliquer pour basculer le s\u00e9lectionneur de dates\"\n\t>\n\t\t<time\n\t\t\tdatetime=\"2026-04-26\"\n\t\t\tclass=\"tribe-events-c-top-bar__datepicker-time\"\n\t\t>\n\t\t\t\t\t\t\t<span class=\"tribe-events-c-top-bar__datepicker-mobile\">\n\t\t\t\t\t\u00c0 venir\t\t\t\t<\/span>\n\t\t\t\t<span class=\"tribe-events-c-top-bar__datepicker-desktop tribe-common-a11y-hidden\">\n\t\t\t\t\t\u00c0 venir\t\t\t\t<\/span>\n\t\t\t\t\t<\/time>\n\t\t\t\t<svg\n\t class=\"tribe-common-c-svgicon tribe-common-c-svgicon--caret-down tribe-events-c-top-bar__datepicker-button-icon-svg\" \taria-hidden=\"true\"\n\tviewBox=\"0 0 10 7\"\n\txmlns=\"http:\/\/www.w3.org\/2000\/svg\"\n>\n\t<path fill-rule=\"evenodd\" clip-rule=\"evenodd\" d=\"M1.008.609L5 4.6 8.992.61l.958.958L5 6.517.05 1.566l.958-.958z\" class=\"tribe-common-c-svgicon__svg-fill\"\/>\n<\/svg>\n\t<\/button>\n\t<label\n\t\tclass=\"tribe-events-c-top-bar__datepicker-label tribe-common-a11y-visual-hide\"\n\t\tfor=\"tribe-events-top-bar-date\"\n\t>\n\t\tS\u00e9lectionnez une date.\t<\/label>\n\t<input\n\t\ttype=\"text\"\n\t\tclass=\"tribe-events-c-top-bar__datepicker-input tribe-common-a11y-visual-hide\"\n\t\tdata-js=\"tribe-events-top-bar-date\"\n\t\tid=\"tribe-events-top-bar-date\"\n\t\tname=\"tribe-events-views[tribe-bar-date]\"\n\t\tvalue=\"26.04.2026\"\n\t\ttabindex=\"-1\"\n\t\tautocomplete=\"off\"\n\t\treadonly=\"readonly\"\n\t\/>\n\t<div class=\"tribe-events-c-top-bar__datepicker-container\" data-js=\"tribe-events-top-bar-datepicker-container\"><\/div>\n\t<template class=\"tribe-events-c-top-bar__datepicker-template-prev-icon\">\n\t\t<svg\n\t class=\"tribe-common-c-svgicon tribe-common-c-svgicon--caret-left tribe-events-c-top-bar__datepicker-nav-icon-svg\" \taria-hidden=\"true\"\n\tviewBox=\"0 0 10 16\"\n\txmlns=\"http:\/\/www.w3.org\/2000\/svg\"\n>\n\t<path d=\"M9.7 14.4l-1.5 1.5L.3 8 8.2.1l1.5 1.5L3.3 8l6.4 6.4z\"\/>\n<\/svg>\n\t<\/template>\n\t<template class=\"tribe-events-c-top-bar__datepicker-template-next-icon\">\n\t\t<svg\n\t class=\"tribe-common-c-svgicon tribe-common-c-svgicon--caret-right tribe-events-c-top-bar__datepicker-nav-icon-svg\" \taria-hidden=\"true\"\n\tviewBox=\"0 0 10 16\"\n\txmlns=\"http:\/\/www.w3.org\/2000\/svg\"\n>\n\t<path d=\"M.3 1.6L1.8.1 9.7 8l-7.9 7.9-1.5-1.5L6.7 8 .3 1.6z\"\/>\n<\/svg>\n\t<\/template>\n<\/div>\n\n\t\n\t<div class=\"tribe-events-c-top-bar__actions tribe-common-a11y-hidden\">\n\t<\/div>\n\n<\/div>\n<\/header>\n\n\t\t\n\t\t<ul\n\t\t\tclass=\"tribe-events-calendar-list\"\n\t\t\taria-label=\"\n\t\t\tList of \u00c9v\u00e8nements\t\t\t\"\n\t\t>\n\n\t\t\t\n\t\t<\/ul>\n\n\t\t\n\t\t<div class=\"tribe-events-calendar-latest-past\">\n\n\t<h2 class=\"tribe-events-calendar-latest-past__heading tribe-common-h5 tribe-common-h3--min-medium\">\n\tDerniers \u00c9v\u00e8nements pass\u00e9s<\/h2>\n\n\t\t\t\n\t\t<div  class=\"tribe-common-g-row tribe-events-calendar-latest-past__event-row\" >\n\n\t<div class=\"tribe-events-calendar-latest-past__event-date-tag tribe-common-g-col\">\n\t<time class=\"tribe-events-calendar-latest-past__event-date-tag-datetime\" datetime=\"2025-12-06\" aria-hidden=\"true\">\n\t\t<span class=\"tribe-events-calendar-latest-past__event-date-tag-month\">\n\t\t\tD\u00e9c\t\t<\/span>\n\t\t<span class=\"tribe-events-calendar-latest-past__event-date-tag-daynum tribe-common-h5 tribe-common-h4--min-medium\">\n\t\t\t6\t\t<\/span>\n\t\t<span class=\"tribe-events-calendar-latest-past__event-date-tag-year\">\n\t\t\t2025\t\t<\/span>\n\t<\/time>\n<\/div>\n\n\t<div class=\"tribe-events-calendar-latest-past__event-wrapper tribe-common-g-col\">\n\t\t<article  class=\"tribe-events-calendar-latest-past__event tribe-common-g-row tribe-common-g-row--gutters post-10000045 tribe_events type-tribe_events status-publish has-post-thumbnail hentry ast-grid-common-col ast-full-width ast-article-post remove-featured-img-padding\" >\n\t\t\t<div class=\"tribe-events-calendar-latest-past__event-featured-image-wrapper tribe-common-g-col\">\n\t<a\n\t\thref=\"https:\/\/notre-quartier.ch\/esplanade\/agenda\/repas-des-membres\/\"\n\t\ttitle=\"Repas des membres\"\n\t\trel=\"bookmark\"\n\t\tclass=\"tribe-events-calendar-latest-past__event-featured-image-link\"\n\t\ttabindex=\"-1\"\n\t\taria-hidden=\"true\"\n\t>\n\t\t<img\n\t\t\tsrc=\"https:\/\/notre-quartier.ch\/esplanade\/wp-content\/uploads\/sites\/9\/2025\/02\/COR_comm_repas.png\"\n\t\t\t\t\t\t\tsrcset=\"https:\/\/notre-quartier.ch\/esplanade\/wp-content\/uploads\/sites\/9\/2025\/02\/COR_comm_repas-300x237.png 300w, https:\/\/notre-quartier.ch\/esplanade\/wp-content\/uploads\/sites\/9\/2025\/02\/COR_comm_repas-1024x808.png 1024w, https:\/\/notre-quartier.ch\/esplanade\/wp-content\/uploads\/sites\/9\/2025\/02\/COR_comm_repas-768x606.png 768w, https:\/\/notre-quartier.ch\/esplanade\/wp-content\/uploads\/sites\/9\/2025\/02\/COR_comm_repas-1536x1212.png 1536w, https:\/\/notre-quartier.ch\/esplanade\/wp-content\/uploads\/sites\/9\/2025\/02\/COR_comm_repas-2048x1617.png 2048w\"\n\t\t\t\t\t\t\t\t\t\talt=\"\"\n\t\t\t\t\t\t\t\t\t\ttitle=\"COR_comm_repas\"\n\t\t\t\t\t\tclass=\"tribe-events-calendar-latest-past__event-featured-image\"\n\t\t\t\t\t\t\twidth=\"3143\"\n\t\t\t\theight=\"2481\"\n\t\t\t\t\t\/>\n\t<\/a>\n<\/div>\n\n\t\t\t<div class=\"tribe-events-calendar-latest-past__event-details tribe-common-g-col\">\n\n\t\t\t\t<header class=\"tribe-events-calendar-latest-past__event-header\">\n\t\t\t\t\t<div class=\"tribe-events-calendar-latest-past__event-datetime-wrapper tribe-common-b2\">\n\t\t<time class=\"tribe-events-calendar-latest-past__event-datetime\" datetime=\"2025-12-06\">\n\t\t<span class=\"tribe-event-date-start\">6 d\u00e9cembre 2025<\/span>\t<\/time>\n\t<\/div>\n\t\t\t\t\t<h3 class=\"tribe-events-calendar-latest-past__event-title tribe-common-h6 tribe-common-h4--min-medium\">\n\t<a\n\t\thref=\"https:\/\/notre-quartier.ch\/esplanade\/agenda\/repas-des-membres\/\"\n\t\ttitle=\"Repas des membres\"\n\t\trel=\"bookmark\"\n\t\tclass=\"tribe-events-calendar-latest-past__event-title-link tribe-common-anchor-thin\"\n\t>\n\t\tRepas des membres\t<\/a>\n<\/h3>\n\t\t\t\t\t<address class=\"tribe-events-calendar-latest-past__event-venue tribe-common-b2\">\n\t<span class=\"tribe-events-calendar-latest-past__event-venue-title tribe-common-b2--bold\">\n\t\tL'annexe du blabla\t<\/span>\n\t<span class=\"tribe-events-calendar-latest-past__event-venue-address\">\n\t\t\t\t\t<\/span>\n<\/address>\n\t\t\t\t<\/header>\n\n\t\t\t\t<div class=\"tribe-events-calendar-latest-past__event-description tribe-common-b2 tribe-common-a11y-hidden\">\n\t<p>Pour f\u00eater la fin d'ann\u00e9e, retrouvons-nous pour un repas commun ! Celui-ci s'adresse en particulier aux membres de l'association pour vous remercier de votre soutien ! Plus d'informations et inscriptions [&hellip;]<\/p>\n<\/div>\n\t\t\t\t\n\t\t\t<\/div>\n\t\t<\/article>\n\t<\/div>\n\n<\/div>\n\n\t\t\t\n\t\t<div  class=\"tribe-common-g-row tribe-events-calendar-latest-past__event-row\" >\n\n\t<div class=\"tribe-events-calendar-latest-past__event-date-tag tribe-common-g-col\">\n\t<time class=\"tribe-events-calendar-latest-past__event-date-tag-datetime\" datetime=\"2025-10-31\" aria-hidden=\"true\">\n\t\t<span class=\"tribe-events-calendar-latest-past__event-date-tag-month\">\n\t\t\tOct\t\t<\/span>\n\t\t<span class=\"tribe-events-calendar-latest-past__event-date-tag-daynum tribe-common-h5 tribe-common-h4--min-medium\">\n\t\t\t31\t\t<\/span>\n\t\t<span class=\"tribe-events-calendar-latest-past__event-date-tag-year\">\n\t\t\t2025\t\t<\/span>\n\t<\/time>\n<\/div>\n\n\t<div class=\"tribe-events-calendar-latest-past__event-wrapper tribe-common-g-col\">\n\t\t<article  class=\"tribe-events-calendar-latest-past__event tribe-common-g-row tribe-common-g-row--gutters post-10000044 tribe_events type-tribe_events status-publish has-post-thumbnail hentry ast-grid-common-col ast-full-width ast-article-post remove-featured-img-padding\" >\n\t\t\t<div class=\"tribe-events-calendar-latest-past__event-featured-image-wrapper tribe-common-g-col\">\n\t<a\n\t\thref=\"https:\/\/notre-quartier.ch\/esplanade\/agenda\/halloween\/\"\n\t\ttitle=\"Halloween\"\n\t\trel=\"bookmark\"\n\t\tclass=\"tribe-events-calendar-latest-past__event-featured-image-link\"\n\t\ttabindex=\"-1\"\n\t\taria-hidden=\"true\"\n\t>\n\t\t<img\n\t\t\tsrc=\"https:\/\/notre-quartier.ch\/esplanade\/wp-content\/uploads\/sites\/9\/2025\/02\/Affiche-Halloween.jpeg\"\n\t\t\t\t\t\t\tsrcset=\"https:\/\/notre-quartier.ch\/esplanade\/wp-content\/uploads\/sites\/9\/2025\/02\/Affiche-Halloween-216x300.jpeg 216w, https:\/\/notre-quartier.ch\/esplanade\/wp-content\/uploads\/sites\/9\/2025\/02\/Affiche-Halloween-737x1024.jpeg 737w, https:\/\/notre-quartier.ch\/esplanade\/wp-content\/uploads\/sites\/9\/2025\/02\/Affiche-Halloween-768x1068.jpeg 768w, https:\/\/notre-quartier.ch\/esplanade\/wp-content\/uploads\/sites\/9\/2025\/02\/Affiche-Halloween.jpeg 1076w\"\n\t\t\t\t\t\t\t\t\t\talt=\"\"\n\t\t\t\t\t\t\t\t\t\ttitle=\"Affiche Halloween\"\n\t\t\t\t\t\tclass=\"tribe-events-calendar-latest-past__event-featured-image\"\n\t\t\t\t\t\t\twidth=\"1076\"\n\t\t\t\theight=\"1496\"\n\t\t\t\t\t\/>\n\t<\/a>\n<\/div>\n\n\t\t\t<div class=\"tribe-events-calendar-latest-past__event-details tribe-common-g-col\">\n\n\t\t\t\t<header class=\"tribe-events-calendar-latest-past__event-header\">\n\t\t\t\t\t<div class=\"tribe-events-calendar-latest-past__event-datetime-wrapper tribe-common-b2\">\n\t\t<time class=\"tribe-events-calendar-latest-past__event-datetime\" datetime=\"2025-10-31\">\n\t\t<span class=\"tribe-event-date-start\">31 octobre 2025 de 18h00<\/span> - <span class=\"tribe-event-time\">20h00<\/span>\t<\/time>\n\t<\/div>\n\t\t\t\t\t<h3 class=\"tribe-events-calendar-latest-past__event-title tribe-common-h6 tribe-common-h4--min-medium\">\n\t<a\n\t\thref=\"https:\/\/notre-quartier.ch\/esplanade\/agenda\/halloween\/\"\n\t\ttitle=\"Halloween\"\n\t\trel=\"bookmark\"\n\t\tclass=\"tribe-events-calendar-latest-past__event-title-link tribe-common-anchor-thin\"\n\t>\n\t\tHalloween\t<\/a>\n<\/h3>\n\t\t\t\t\t<address class=\"tribe-events-calendar-latest-past__event-venue tribe-common-b2\">\n\t<span class=\"tribe-events-calendar-latest-past__event-venue-title tribe-common-b2--bold\">\n\t\tLocal de l'association\t<\/span>\n\t<span class=\"tribe-events-calendar-latest-past__event-venue-address\">\n\t\t\t\t\t<\/span>\n<\/address>\n\t\t\t\t<\/header>\n\n\t\t\t\t<div class=\"tribe-events-calendar-latest-past__event-description tribe-common-b2 tribe-common-a11y-hidden\">\n\t<p>Ch\u00e8res voisines, chers voisins, Vendredi 31 octobre aura lieu le traditionnel Halloween du quartier \ud83c\udf83\ud83d\udc7b Pr\u00e9parez vos meilleurs costumes pour animer le quartier ! Des bonbons seront distribu\u00e9s aux enfants [&hellip;]<\/p>\n<\/div>\n\t\t\t\t\n\t\t\t<\/div>\n\t\t<\/article>\n\t<\/div>\n\n<\/div>\n\n\t\t\t\n\t\t<div  class=\"tribe-common-g-row tribe-events-calendar-latest-past__event-row\" >\n\n\t<div class=\"tribe-events-calendar-latest-past__event-date-tag tribe-common-g-col\">\n\t<time class=\"tribe-events-calendar-latest-past__event-date-tag-datetime\" datetime=\"2025-08-16\" aria-hidden=\"true\">\n\t\t<span class=\"tribe-events-calendar-latest-past__event-date-tag-month\">\n\t\t\tAo\u00fbt\t\t<\/span>\n\t\t<span class=\"tribe-events-calendar-latest-past__event-date-tag-daynum tribe-common-h5 tribe-common-h4--min-medium\">\n\t\t\t16\t\t<\/span>\n\t\t<span class=\"tribe-events-calendar-latest-past__event-date-tag-year\">\n\t\t\t2025\t\t<\/span>\n\t<\/time>\n<\/div>\n\n\t<div class=\"tribe-events-calendar-latest-past__event-wrapper tribe-common-g-col\">\n\t\t<article  class=\"tribe-events-calendar-latest-past__event tribe-common-g-row tribe-common-g-row--gutters post-10000046 tribe_events type-tribe_events status-publish has-post-thumbnail hentry tribe_events_cat-public cat_public ast-grid-common-col ast-full-width ast-article-post remove-featured-img-padding\" >\n\t\t\t<div class=\"tribe-events-calendar-latest-past__event-featured-image-wrapper tribe-common-g-col\">\n\t<a\n\t\thref=\"https:\/\/notre-quartier.ch\/esplanade\/agenda\/inauguration-de-la-fresque-murale-evenement-festif-et-convivial\/\"\n\t\ttitle=\"Inauguration de la fresque murale : \u00e9v\u00e9nement festif et convivial !\"\n\t\trel=\"bookmark\"\n\t\tclass=\"tribe-events-calendar-latest-past__event-featured-image-link\"\n\t\ttabindex=\"-1\"\n\t\taria-hidden=\"true\"\n\t>\n\t\t<img\n\t\t\tsrc=\"https:\/\/notre-quartier.ch\/esplanade\/wp-content\/uploads\/sites\/9\/2025\/06\/2025-08-16_Affiche-Inauguration.png\"\n\t\t\t\t\t\t\tsrcset=\"https:\/\/notre-quartier.ch\/esplanade\/wp-content\/uploads\/sites\/9\/2025\/06\/2025-08-16_Affiche-Inauguration-212x300.png 212w, https:\/\/notre-quartier.ch\/esplanade\/wp-content\/uploads\/sites\/9\/2025\/06\/2025-08-16_Affiche-Inauguration-724x1024.png 724w, https:\/\/notre-quartier.ch\/esplanade\/wp-content\/uploads\/sites\/9\/2025\/06\/2025-08-16_Affiche-Inauguration-768x1086.png 768w, https:\/\/notre-quartier.ch\/esplanade\/wp-content\/uploads\/sites\/9\/2025\/06\/2025-08-16_Affiche-Inauguration-1086x1536.png 1086w, https:\/\/notre-quartier.ch\/esplanade\/wp-content\/uploads\/sites\/9\/2025\/06\/2025-08-16_Affiche-Inauguration-1448x2048.png 1448w, https:\/\/notre-quartier.ch\/esplanade\/wp-content\/uploads\/sites\/9\/2025\/06\/2025-08-16_Affiche-Inauguration.png 1587w\"\n\t\t\t\t\t\t\t\t\t\talt=\"\"\n\t\t\t\t\t\t\t\t\t\ttitle=\"2025-08-16_Affiche-Inauguration\"\n\t\t\t\t\t\tclass=\"tribe-events-calendar-latest-past__event-featured-image\"\n\t\t\t\t\t\t\twidth=\"1587\"\n\t\t\t\theight=\"2245\"\n\t\t\t\t\t\/>\n\t<\/a>\n<\/div>\n\n\t\t\t<div class=\"tribe-events-calendar-latest-past__event-details tribe-common-g-col\">\n\n\t\t\t\t<header class=\"tribe-events-calendar-latest-past__event-header\">\n\t\t\t\t\t<div class=\"tribe-events-calendar-latest-past__event-datetime-wrapper tribe-common-b2\">\n\t\t<time class=\"tribe-events-calendar-latest-past__event-datetime\" datetime=\"2025-08-16\">\n\t\t<span class=\"tribe-event-date-start\">16 ao\u00fbt 2025 de 17h00<\/span> - <span class=\"tribe-event-time\">21h00<\/span>\t<\/time>\n\t<\/div>\n\t\t\t\t\t<h3 class=\"tribe-events-calendar-latest-past__event-title tribe-common-h6 tribe-common-h4--min-medium\">\n\t<a\n\t\thref=\"https:\/\/notre-quartier.ch\/esplanade\/agenda\/inauguration-de-la-fresque-murale-evenement-festif-et-convivial\/\"\n\t\ttitle=\"Inauguration de la fresque murale : \u00e9v\u00e9nement festif et convivial !\"\n\t\trel=\"bookmark\"\n\t\tclass=\"tribe-events-calendar-latest-past__event-title-link tribe-common-anchor-thin\"\n\t>\n\t\tInauguration de la fresque murale : \u00e9v\u00e9nement festif et convivial !\t<\/a>\n<\/h3>\n\t\t\t\t\t<address class=\"tribe-events-calendar-latest-past__event-venue tribe-common-b2\">\n\t<span class=\"tribe-events-calendar-latest-past__event-venue-title tribe-common-b2--bold\">\n\t\tMur de la cr\u00e8che et alentours !\t<\/span>\n\t<span class=\"tribe-events-calendar-latest-past__event-venue-address\">\n\t\t\t\t\t<\/span>\n<\/address>\n\t\t\t\t<\/header>\n\n\t\t\t\t<div class=\"tribe-events-calendar-latest-past__event-description tribe-common-b2 tribe-common-a11y-hidden\">\n\t<p>L'artiste Kesh a r\u00e9alis\u00e9 une fresque murale au sein de votre quartier : rejoignez vos voisin\u00b7es, ami\u00b7es, l'association et l'artiste lui m\u00eame pour l'inaugurer ! De 17h00 \u00e0 21h00, vous [&hellip;]<\/p>\n<\/div>\n\t\t\t\t\n\t\t\t<\/div>\n\t\t<\/article>\n\t<\/div>\n\n<\/div>\n\n\t\n<\/div>\n\n\t\t\n\t<\/section>\n<\/div>\n\n<script data-js='tribe-events-view-nonce-data' type='application\/json'>{\"tvn1\":\"c948eaba89\",\"tvn2\":\"\"}<\/script><\/div>\n\t\t\t\t\t\t<\/div>\n\t\t\t\t<\/div>\n\t\t\t\t\t<\/div>\n\t\t<\/div>\n\t\t\t\t\t<\/div>\n\t\t<\/section>\n\t\t\t\t<\/div>\n\t\t","protected":false},"excerpt":{"rendered":"<p>Agenda<\/p>\n","protected":false},"author":3,"featured_media":0,"parent":0,"menu_order":0,"comment_status":"closed","ping_status":"closed","template":"","meta":{"site-sidebar-layout":"default","site-content-layout":"","ast-site-content-layout":"default","site-content-style":"default","site-sidebar-style":"default","ast-global-header-display":"","ast-banner-title-visibility":"","ast-main-header-display":"","ast-hfb-above-header-display":"","ast-hfb-below-header-display":"","ast-hfb-mobile-header-display":"","site-post-title":"","ast-breadcrumbs-content":"","ast-featured-img":"","footer-sml-layout":"","ast-disable-related-posts":"","theme-transparent-header-meta":"","adv-header-id-meta":"","stick-header-meta":"","header-above-stick-meta":"","header-main-stick-meta":"","header-below-stick-meta":"","astra-migrate-meta-layouts":"default","ast-page-background-enabled":"default","ast-page-background-meta":{"desktop":{"background-color":"var(--ast-global-color-4)","background-image":"","background-repeat":"repeat","background-position":"center center","background-size":"auto","background-attachment":"scroll","background-type":"","background-media":"","overlay-type":"","overlay-color":"","overlay-opacity":"","overlay-gradient":""},"tablet":{"background-color":"","background-image":"","background-repeat":"repeat","background-position":"center center","background-size":"auto","background-attachment":"scroll","background-type":"","background-media":"","overlay-type":"","overlay-color":"","overlay-opacity":"","overlay-gradient":""},"mobile":{"background-color":"","background-image":"","background-repeat":"repeat","background-position":"center center","background-size":"auto","background-attachment":"scroll","background-type":"","background-media":"","overlay-type":"","overlay-color":"","overlay-opacity":"","overlay-gradient":""}},"ast-content-background-meta":{"desktop":{"background-color":"var(--ast-global-color-5)","background-image":"","background-repeat":"repeat","background-position":"center center","background-size":"auto","background-attachment":"scroll","background-type":"","background-media":"","overlay-type":"","overlay-color":"","overlay-opacity":"","overlay-gradient":""},"tablet":{"background-color":"var(--ast-global-color-5)","background-image":"","background-repeat":"repeat","background-position":"center center","background-size":"auto","background-attachment":"scroll","background-type":"","background-media":"","overlay-type":"","overlay-color":"","overlay-opacity":"","overlay-gradient":""},"mobile":{"background-color":"var(--ast-global-color-5)","background-image":"","background-repeat":"repeat","background-position":"center center","background-size":"auto","background-attachment":"scroll","background-type":"","background-media":"","overlay-type":"","overlay-color":"","overlay-opacity":"","overlay-gradient":""}},"footnotes":""},"class_list":["post-21","page","type-page","status-publish","hentry","cat_public"],"yoast_head":"<!-- This site is optimized with the Yoast SEO plugin v27.2 - https:\/\/yoast.com\/product\/yoast-seo-wordpress\/ -->\n<title>Ev\u00e8nements - Esplanade<\/title>\n<meta name=\"robots\" content=\"index, follow, max-snippet:-1, max-image-preview:large, max-video-preview:-1\" \/>\n<link rel=\"canonical\" href=\"https:\/\/notre-quartier.ch\/esplanade\/evenements\/\" \/>\n<meta property=\"og:locale\" content=\"fr_FR\" \/>\n<meta property=\"og:type\" content=\"article\" \/>\n<meta property=\"og:title\" content=\"Ev\u00e8nements - Esplanade\" \/>\n<meta property=\"og:description\" content=\"Agenda\" \/>\n<meta property=\"og:url\" content=\"https:\/\/notre-quartier.ch\/esplanade\/evenements\/\" \/>\n<meta property=\"og:site_name\" content=\"Esplanade\" \/>\n<meta property=\"article:modified_time\" content=\"2025-02-27T08:44:12+00:00\" \/>\n<meta name=\"twitter:card\" content=\"summary_large_image\" \/>\n<script type=\"application\/ld+json\" class=\"yoast-schema-graph\">{\"@context\":\"https:\/\/schema.org\",\"@graph\":[{\"@type\":\"WebPage\",\"@id\":\"https:\/\/notre-quartier.ch\/esplanade\/evenements\/\",\"url\":\"https:\/\/notre-quartier.ch\/esplanade\/evenements\/\",\"name\":\"Ev\u00e8nements - Esplanade\",\"isPartOf\":{\"@id\":\"https:\/\/notre-quartier.ch\/esplanade\/#website\"},\"datePublished\":\"2024-07-25T09:28:24+00:00\",\"dateModified\":\"2025-02-27T08:44:12+00:00\",\"breadcrumb\":{\"@id\":\"https:\/\/notre-quartier.ch\/esplanade\/evenements\/#breadcrumb\"},\"inLanguage\":\"fr-FR\",\"potentialAction\":[{\"@type\":\"ReadAction\",\"target\":[\"https:\/\/notre-quartier.ch\/esplanade\/evenements\/\"]}]},{\"@type\":\"BreadcrumbList\",\"@id\":\"https:\/\/notre-quartier.ch\/esplanade\/evenements\/#breadcrumb\",\"itemListElement\":[{\"@type\":\"ListItem\",\"position\":1,\"name\":\"Accueil\",\"item\":\"https:\/\/notre-quartier.ch\/esplanade\/\"},{\"@type\":\"ListItem\",\"position\":2,\"name\":\"Ev\u00e8nements\"}]},{\"@type\":\"WebSite\",\"@id\":\"https:\/\/notre-quartier.ch\/esplanade\/#website\",\"url\":\"https:\/\/notre-quartier.ch\/esplanade\/\",\"name\":\"Esplanade\",\"description\":\"\",\"potentialAction\":[{\"@type\":\"SearchAction\",\"target\":{\"@type\":\"EntryPoint\",\"urlTemplate\":\"https:\/\/notre-quartier.ch\/esplanade\/?s={search_term_string}\"},\"query-input\":{\"@type\":\"PropertyValueSpecification\",\"valueRequired\":true,\"valueName\":\"search_term_string\"}}],\"inLanguage\":\"fr-FR\"}]}<\/script>\n<!-- \/ Yoast SEO plugin. -->","yoast_head_json":{"title":"Ev\u00e8nements - Esplanade","robots":{"index":"index","follow":"follow","max-snippet":"max-snippet:-1","max-image-preview":"max-image-preview:large","max-video-preview":"max-video-preview:-1"},"canonical":"https:\/\/notre-quartier.ch\/esplanade\/evenements\/","og_locale":"fr_FR","og_type":"article","og_title":"Ev\u00e8nements - Esplanade","og_description":"Agenda","og_url":"https:\/\/notre-quartier.ch\/esplanade\/evenements\/","og_site_name":"Esplanade","article_modified_time":"2025-02-27T08:44:12+00:00","twitter_card":"summary_large_image","schema":{"@context":"https:\/\/schema.org","@graph":[{"@type":"WebPage","@id":"https:\/\/notre-quartier.ch\/esplanade\/evenements\/","url":"https:\/\/notre-quartier.ch\/esplanade\/evenements\/","name":"Ev\u00e8nements - Esplanade","isPartOf":{"@id":"https:\/\/notre-quartier.ch\/esplanade\/#website"},"datePublished":"2024-07-25T09:28:24+00:00","dateModified":"2025-02-27T08:44:12+00:00","breadcrumb":{"@id":"https:\/\/notre-quartier.ch\/esplanade\/evenements\/#breadcrumb"},"inLanguage":"fr-FR","potentialAction":[{"@type":"ReadAction","target":["https:\/\/notre-quartier.ch\/esplanade\/evenements\/"]}]},{"@type":"BreadcrumbList","@id":"https:\/\/notre-quartier.ch\/esplanade\/evenements\/#breadcrumb","itemListElement":[{"@type":"ListItem","position":1,"name":"Accueil","item":"https:\/\/notre-quartier.ch\/esplanade\/"},{"@type":"ListItem","position":2,"name":"Ev\u00e8nements"}]},{"@type":"WebSite","@id":"https:\/\/notre-quartier.ch\/esplanade\/#website","url":"https:\/\/notre-quartier.ch\/esplanade\/","name":"Esplanade","description":"","potentialAction":[{"@type":"SearchAction","target":{"@type":"EntryPoint","urlTemplate":"https:\/\/notre-quartier.ch\/esplanade\/?s={search_term_string}"},"query-input":{"@type":"PropertyValueSpecification","valueRequired":true,"valueName":"search_term_string"}}],"inLanguage":"fr-FR"}]}},"_links":{"self":[{"href":"https:\/\/notre-quartier.ch\/esplanade\/wp-json\/wp\/v2\/pages\/21","targetHints":{"allow":["GET"]}}],"collection":[{"href":"https:\/\/notre-quartier.ch\/esplanade\/wp-json\/wp\/v2\/pages"}],"about":[{"href":"https:\/\/notre-quartier.ch\/esplanade\/wp-json\/wp\/v2\/types\/page"}],"author":[{"embeddable":true,"href":"https:\/\/notre-quartier.ch\/esplanade\/wp-json\/wp\/v2\/users\/3"}],"replies":[{"embeddable":true,"href":"https:\/\/notre-quartier.ch\/esplanade\/wp-json\/wp\/v2\/comments?post=21"}],"version-history":[{"count":7,"href":"https:\/\/notre-quartier.ch\/esplanade\/wp-json\/wp\/v2\/pages\/21\/revisions"}],"predecessor-version":[{"id":609,"href":"https:\/\/notre-quartier.ch\/esplanade\/wp-json\/wp\/v2\/pages\/21\/revisions\/609"}],"wp:attachment":[{"href":"https:\/\/notre-quartier.ch\/esplanade\/wp-json\/wp\/v2\/media?parent=21"}],"curies":[{"name":"wp","href":"https:\/\/api.w.org\/{rel}","templated":true}]}}