{"id":9789,"date":"2021-11-10T12:09:28","date_gmt":"2021-11-10T11:09:28","guid":{"rendered":"https:\/\/neighborhub.ch\/la-maison-bleue\/agenda\/le-repas-du-hub\/?eventDate=2028-04-06"},"modified":"2021-11-10T12:09:28","modified_gmt":"2021-11-10T11:09:28","slug":"le-repas-du-hub-2028-04-06","status":"publish","type":"tribe_events","link":"https:\/\/notre-quartier.ch\/bluefactory\/agenda\/le-repas-du-hub\/2028-04-06\/","title":{"rendered":"Le repas du HUB"},"content":{"rendered":"<h4>Le HUB est la maison de quartier de bluefactory et laboratoire des pratiques durables. Tous les lundis, le repas v\u00e9g\u00e9tarien offre un lieu d&rsquo;\u00e9change et de partage avec les diff\u00e9rents actrices et acteurs du quartier \u00e9tendu. Culture, innovation et science se retrouvent sous le m\u00eame toit l&rsquo;espace du repas.<\/h4>\n<p>&nbsp;<\/p>\n<h4>Le prix libre permet \u00e0 tout un\u00b7e chacun\u00b7e de participer selon ses moyens et de soutenir les personnes aux fourneaux. Il est aussi possible d&rsquo;acheter des repas suspendus.<\/h4>\n<h5><\/h5>\n<h5>Lundis repas marocain v\u00e9g\u00e9tarien cuisin\u00e9 avec amour et beaucoup d&rsquo;\u00e9pices par Anouar!<\/h5>\n<div id='gallery-1' class='gallery galleryid-9789 gallery-columns-4 gallery-size-medium'><figure class='gallery-item'>\n\t\t\t<div class='gallery-icon landscape'>\n\t\t\t\t<a href='https:\/\/notre-quartier.ch\/bluefactory\/wp-content\/uploads\/sites\/4\/2021\/11\/Repas-du-HUB-scaled.jpg'><img fetchpriority=\"high\" decoding=\"async\" width=\"300\" height=\"300\" src=\"https:\/\/notre-quartier.ch\/bluefactory\/wp-content\/uploads\/sites\/4\/2021\/11\/Repas-du-HUB-300x300.jpg\" class=\"attachment-medium size-medium\" alt=\"\" srcset=\"https:\/\/notre-quartier.ch\/bluefactory\/wp-content\/uploads\/sites\/4\/2021\/11\/Repas-du-HUB-300x300.jpg 300w, https:\/\/notre-quartier.ch\/bluefactory\/wp-content\/uploads\/sites\/4\/2021\/11\/Repas-du-HUB-1024x1024.jpg 1024w, https:\/\/notre-quartier.ch\/bluefactory\/wp-content\/uploads\/sites\/4\/2021\/11\/Repas-du-HUB-150x150.jpg 150w, https:\/\/notre-quartier.ch\/bluefactory\/wp-content\/uploads\/sites\/4\/2021\/11\/Repas-du-HUB-768x768.jpg 768w, https:\/\/notre-quartier.ch\/bluefactory\/wp-content\/uploads\/sites\/4\/2021\/11\/Repas-du-HUB-1536x1536.jpg 1536w, https:\/\/notre-quartier.ch\/bluefactory\/wp-content\/uploads\/sites\/4\/2021\/11\/Repas-du-HUB-2048x2048.jpg 2048w\" sizes=\"(max-width: 300px) 100vw, 300px\" \/><\/a>\n\t\t\t<\/div><\/figure><figure class='gallery-item'>\n\t\t\t<div class='gallery-icon landscape'>\n\t\t\t\t<a href='https:\/\/notre-quartier.ch\/bluefactory\/wp-content\/uploads\/sites\/4\/2021\/11\/Interieur_vignettes-du-HUB_repas-scaled.jpg'><img decoding=\"async\" width=\"300\" height=\"300\" src=\"https:\/\/notre-quartier.ch\/bluefactory\/wp-content\/uploads\/sites\/4\/2021\/11\/Interieur_vignettes-du-HUB_repas-300x300.jpg\" class=\"attachment-medium size-medium\" alt=\"\" srcset=\"https:\/\/notre-quartier.ch\/bluefactory\/wp-content\/uploads\/sites\/4\/2021\/11\/Interieur_vignettes-du-HUB_repas-300x300.jpg 300w, https:\/\/notre-quartier.ch\/bluefactory\/wp-content\/uploads\/sites\/4\/2021\/11\/Interieur_vignettes-du-HUB_repas-1024x1024.jpg 1024w, https:\/\/notre-quartier.ch\/bluefactory\/wp-content\/uploads\/sites\/4\/2021\/11\/Interieur_vignettes-du-HUB_repas-150x150.jpg 150w, https:\/\/notre-quartier.ch\/bluefactory\/wp-content\/uploads\/sites\/4\/2021\/11\/Interieur_vignettes-du-HUB_repas-768x768.jpg 768w, https:\/\/notre-quartier.ch\/bluefactory\/wp-content\/uploads\/sites\/4\/2021\/11\/Interieur_vignettes-du-HUB_repas-1536x1536.jpg 1536w, https:\/\/notre-quartier.ch\/bluefactory\/wp-content\/uploads\/sites\/4\/2021\/11\/Interieur_vignettes-du-HUB_repas-2048x2048.jpg 2048w\" sizes=\"(max-width: 300px) 100vw, 300px\" \/><\/a>\n\t\t\t<\/div><\/figure><figure class='gallery-item'>\n\t\t\t<div class='gallery-icon landscape'>\n\t\t\t\t<a href='https:\/\/notre-quartier.ch\/bluefactory\/wp-content\/uploads\/sites\/4\/2021\/11\/Interieur_vignettes-du-HUB_repas2-scaled.jpg'><img decoding=\"async\" width=\"300\" height=\"300\" src=\"https:\/\/notre-quartier.ch\/bluefactory\/wp-content\/uploads\/sites\/4\/2021\/11\/Interieur_vignettes-du-HUB_repas2-300x300.jpg\" class=\"attachment-medium size-medium\" alt=\"\" srcset=\"https:\/\/notre-quartier.ch\/bluefactory\/wp-content\/uploads\/sites\/4\/2021\/11\/Interieur_vignettes-du-HUB_repas2-300x300.jpg 300w, https:\/\/notre-quartier.ch\/bluefactory\/wp-content\/uploads\/sites\/4\/2021\/11\/Interieur_vignettes-du-HUB_repas2-1024x1024.jpg 1024w, https:\/\/notre-quartier.ch\/bluefactory\/wp-content\/uploads\/sites\/4\/2021\/11\/Interieur_vignettes-du-HUB_repas2-150x150.jpg 150w, https:\/\/notre-quartier.ch\/bluefactory\/wp-content\/uploads\/sites\/4\/2021\/11\/Interieur_vignettes-du-HUB_repas2-768x768.jpg 768w, https:\/\/notre-quartier.ch\/bluefactory\/wp-content\/uploads\/sites\/4\/2021\/11\/Interieur_vignettes-du-HUB_repas2-1536x1536.jpg 1536w, https:\/\/notre-quartier.ch\/bluefactory\/wp-content\/uploads\/sites\/4\/2021\/11\/Interieur_vignettes-du-HUB_repas2-2048x2048.jpg 2048w\" sizes=\"(max-width: 300px) 100vw, 300px\" \/><\/a>\n\t\t\t<\/div><\/figure>\n\t\t<\/div>\n\n","protected":false},"excerpt":{"rendered":"<p>Le HUB est la maison de quartier de bluefactory et laboratoire des pratiques durables. Tous les lundis, le repas v\u00e9g\u00e9tarien offre un lieu d&rsquo;\u00e9change et de partage avec les diff\u00e9rents [&hellip;]<\/p>\n","protected":false},"author":1,"featured_media":0,"template":"","meta":{"site-sidebar-layout":"default","site-content-layout":"default","ast-site-content-layout":"default","site-content-style":"default","site-sidebar-style":"default","ast-global-header-display":"","ast-banner-title-visibility":"","ast-main-header-display":"","ast-hfb-above-header-display":"","ast-hfb-below-header-display":"","ast-hfb-mobile-header-display":"","site-post-title":"","ast-breadcrumbs-content":"","ast-featured-img":"","footer-sml-layout":"","ast-disable-related-posts":"","theme-transparent-header-meta":"default","adv-header-id-meta":"","stick-header-meta":"","header-above-stick-meta":"","header-main-stick-meta":"","header-below-stick-meta":"","astra-migrate-meta-layouts":"default","ast-page-background-enabled":"default","ast-page-background-meta":{"desktop":{"background-color":"var(--ast-global-color-4)","background-image":"","background-repeat":"repeat","background-position":"center center","background-size":"auto","background-attachment":"scroll","background-type":"","background-media":"","overlay-type":"","overlay-color":"","overlay-opacity":"","overlay-gradient":""},"tablet":{"background-color":"","background-image":"","background-repeat":"repeat","background-position":"center center","background-size":"auto","background-attachment":"scroll","background-type":"","background-media":"","overlay-type":"","overlay-color":"","overlay-opacity":"","overlay-gradient":""},"mobile":{"background-color":"","background-image":"","background-repeat":"repeat","background-position":"center center","background-size":"auto","background-attachment":"scroll","background-type":"","background-media":"","overlay-type":"","overlay-color":"","overlay-opacity":"","overlay-gradient":""}},"ast-content-background-meta":{"desktop":{"background-color":"var(--ast-global-color-5)","background-image":"","background-repeat":"repeat","background-position":"center center","background-size":"auto","background-attachment":"scroll","background-type":"","background-media":"","overlay-type":"","overlay-color":"","overlay-opacity":"","overlay-gradient":""},"tablet":{"background-color":"var(--ast-global-color-5)","background-image":"","background-repeat":"repeat","background-position":"center center","background-size":"auto","background-attachment":"scroll","background-type":"","background-media":"","overlay-type":"","overlay-color":"","overlay-opacity":"","overlay-gradient":""},"mobile":{"background-color":"var(--ast-global-color-5)","background-image":"","background-repeat":"repeat","background-position":"center center","background-size":"auto","background-attachment":"scroll","background-type":"","background-media":"","overlay-type":"","overlay-color":"","overlay-opacity":"","overlay-gradient":""}},"_tribe_events_status":"","_tribe_events_status_reason":"","_tribe_events_is_hybrid":"","_tribe_events_is_virtual":"","_tribe_events_virtual_video_source":"","_tribe_events_virtual_embed_video":"","_tribe_events_virtual_linked_button_text":"","_tribe_events_virtual_linked_button":"","_tribe_events_virtual_show_embed_at":"","_tribe_events_virtual_show_embed_to":[],"_tribe_events_virtual_show_on_event":"","_tribe_events_virtual_show_on_views":"","_tribe_events_virtual_url":"","footnotes":""},"tags":[],"tribe_events_cat":[],"class_list":["post-9789","tribe_events","type-tribe_events","status-publish","hentry","tribe-recurring-event","tribe-recurring-event-child"],"yoast_head":"<!-- This site is optimized with the Yoast SEO plugin v27.2 - https:\/\/yoast.com\/product\/yoast-seo-wordpress\/ -->\n<title>Le repas du HUB - Bluefactory<\/title>\n<meta name=\"robots\" content=\"index, follow, max-snippet:-1, max-image-preview:large, max-video-preview:-1\" \/>\n<link rel=\"canonical\" href=\"https:\/\/notre-quartier.ch\/bluefactory\/agenda\/le-repas-du-hub\/1970-01-01\/\" \/>\n<meta property=\"og:locale\" content=\"fr_FR\" \/>\n<meta property=\"og:type\" content=\"article\" \/>\n<meta property=\"og:title\" content=\"Le repas du HUB - Bluefactory\" \/>\n<meta property=\"og:description\" content=\"Le HUB est la maison de quartier de bluefactory et laboratoire des pratiques durables. Tous les lundis, le repas v\u00e9g\u00e9tarien offre un lieu d&rsquo;\u00e9change et de partage avec les diff\u00e9rents [&hellip;]\" \/>\n<meta property=\"og:url\" content=\"https:\/\/notre-quartier.ch\/bluefactory\/agenda\/le-repas-du-hub\/1970-01-01\/\" \/>\n<meta property=\"og:site_name\" content=\"Bluefactory\" \/>\n<meta property=\"og:image\" content=\"https:\/\/notre-quartier.ch\/bluefactory\/wp-content\/uploads\/sites\/4\/2021\/11\/Repas-du-HUB-300x300.jpg\" \/>\n<meta name=\"twitter:card\" content=\"summary_large_image\" \/>\n<meta name=\"twitter:label1\" content=\"Dur\u00e9e de lecture estim\u00e9e\" \/>\n\t<meta name=\"twitter:data1\" content=\"1 minute\" \/>\n<script type=\"application\/ld+json\" class=\"yoast-schema-graph\">{\"@context\":\"https:\/\/schema.org\",\"@graph\":[{\"@type\":\"WebPage\",\"@id\":\"https:\/\/notre-quartier.ch\/bluefactory\/agenda\/le-repas-du-hub\/1970-01-01\/\",\"url\":\"https:\/\/notre-quartier.ch\/bluefactory\/agenda\/le-repas-du-hub\/1970-01-01\/\",\"name\":\"Le repas du HUB - Bluefactory\",\"isPartOf\":{\"@id\":\"https:\/\/notre-quartier.ch\/bluefactory\/#website\"},\"datePublished\":\"2021-11-10T11:09:28+00:00\",\"breadcrumb\":{\"@id\":\"https:\/\/notre-quartier.ch\/bluefactory\/agenda\/le-repas-du-hub\/1970-01-01\/#breadcrumb\"},\"inLanguage\":\"fr-FR\",\"potentialAction\":[{\"@type\":\"ReadAction\",\"target\":[\"https:\/\/notre-quartier.ch\/bluefactory\/agenda\/le-repas-du-hub\/1970-01-01\/\"]}]},{\"@type\":\"BreadcrumbList\",\"@id\":\"https:\/\/notre-quartier.ch\/bluefactory\/agenda\/le-repas-du-hub\/1970-01-01\/#breadcrumb\",\"itemListElement\":[{\"@type\":\"ListItem\",\"position\":1,\"name\":\"Accueil\",\"item\":\"https:\/\/notre-quartier.ch\/bluefactory\/\"},{\"@type\":\"ListItem\",\"position\":2,\"name\":\"\u00c9v\u00e8nements\",\"item\":\"https:\/\/notre-quartier.ch\/bluefactory\/agenda\/\"},{\"@type\":\"ListItem\",\"position\":3,\"name\":\"Le repas du HUB\",\"item\":\"https:\/\/notre-quartier.ch\/bluefactory\/agenda\/le-repas-du-hub\/2023-02-27\/\"},{\"@type\":\"ListItem\",\"position\":4,\"name\":\"Le repas du HUB\"}]},{\"@type\":\"WebSite\",\"@id\":\"https:\/\/notre-quartier.ch\/bluefactory\/#website\",\"url\":\"https:\/\/notre-quartier.ch\/bluefactory\/\",\"name\":\"Bluefactory\",\"description\":\"\",\"potentialAction\":[{\"@type\":\"SearchAction\",\"target\":{\"@type\":\"EntryPoint\",\"urlTemplate\":\"https:\/\/notre-quartier.ch\/bluefactory\/?s={search_term_string}\"},\"query-input\":{\"@type\":\"PropertyValueSpecification\",\"valueRequired\":true,\"valueName\":\"search_term_string\"}}],\"inLanguage\":\"fr-FR\"}]}<\/script>\n<!-- \/ Yoast SEO plugin. -->","yoast_head_json":{"title":"Le repas du HUB - Bluefactory","robots":{"index":"index","follow":"follow","max-snippet":"max-snippet:-1","max-image-preview":"max-image-preview:large","max-video-preview":"max-video-preview:-1"},"canonical":"https:\/\/notre-quartier.ch\/bluefactory\/agenda\/le-repas-du-hub\/1970-01-01\/","og_locale":"fr_FR","og_type":"article","og_title":"Le repas du HUB - Bluefactory","og_description":"Le HUB est la maison de quartier de bluefactory et laboratoire des pratiques durables. Tous les lundis, le repas v\u00e9g\u00e9tarien offre un lieu d&rsquo;\u00e9change et de partage avec les diff\u00e9rents [&hellip;]","og_url":"https:\/\/notre-quartier.ch\/bluefactory\/agenda\/le-repas-du-hub\/1970-01-01\/","og_site_name":"Bluefactory","og_image":[{"url":"https:\/\/notre-quartier.ch\/bluefactory\/wp-content\/uploads\/sites\/4\/2021\/11\/Repas-du-HUB-300x300.jpg","type":"","width":"","height":""}],"twitter_card":"summary_large_image","twitter_misc":{"Dur\u00e9e de lecture estim\u00e9e":"1 minute"},"schema":{"@context":"https:\/\/schema.org","@graph":[{"@type":"WebPage","@id":"https:\/\/notre-quartier.ch\/bluefactory\/agenda\/le-repas-du-hub\/1970-01-01\/","url":"https:\/\/notre-quartier.ch\/bluefactory\/agenda\/le-repas-du-hub\/1970-01-01\/","name":"Le repas du HUB - Bluefactory","isPartOf":{"@id":"https:\/\/notre-quartier.ch\/bluefactory\/#website"},"datePublished":"2021-11-10T11:09:28+00:00","breadcrumb":{"@id":"https:\/\/notre-quartier.ch\/bluefactory\/agenda\/le-repas-du-hub\/1970-01-01\/#breadcrumb"},"inLanguage":"fr-FR","potentialAction":[{"@type":"ReadAction","target":["https:\/\/notre-quartier.ch\/bluefactory\/agenda\/le-repas-du-hub\/1970-01-01\/"]}]},{"@type":"BreadcrumbList","@id":"https:\/\/notre-quartier.ch\/bluefactory\/agenda\/le-repas-du-hub\/1970-01-01\/#breadcrumb","itemListElement":[{"@type":"ListItem","position":1,"name":"Accueil","item":"https:\/\/notre-quartier.ch\/bluefactory\/"},{"@type":"ListItem","position":2,"name":"\u00c9v\u00e8nements","item":"https:\/\/notre-quartier.ch\/bluefactory\/agenda\/"},{"@type":"ListItem","position":3,"name":"Le repas du HUB","item":"https:\/\/notre-quartier.ch\/bluefactory\/agenda\/le-repas-du-hub\/2023-02-27\/"},{"@type":"ListItem","position":4,"name":"Le repas du HUB"}]},{"@type":"WebSite","@id":"https:\/\/notre-quartier.ch\/bluefactory\/#website","url":"https:\/\/notre-quartier.ch\/bluefactory\/","name":"Bluefactory","description":"","potentialAction":[{"@type":"SearchAction","target":{"@type":"EntryPoint","urlTemplate":"https:\/\/notre-quartier.ch\/bluefactory\/?s={search_term_string}"},"query-input":{"@type":"PropertyValueSpecification","valueRequired":true,"valueName":"search_term_string"}}],"inLanguage":"fr-FR"}]}},"_links":{"self":[{"href":"https:\/\/notre-quartier.ch\/bluefactory\/wp-json\/wp\/v2\/tribe_events\/9789","targetHints":{"allow":["GET"]}}],"collection":[{"href":"https:\/\/notre-quartier.ch\/bluefactory\/wp-json\/wp\/v2\/tribe_events"}],"about":[{"href":"https:\/\/notre-quartier.ch\/bluefactory\/wp-json\/wp\/v2\/types\/tribe_events"}],"author":[{"embeddable":true,"href":"https:\/\/notre-quartier.ch\/bluefactory\/wp-json\/wp\/v2\/users\/1"}],"version-history":[{"count":0,"href":"https:\/\/notre-quartier.ch\/bluefactory\/wp-json\/wp\/v2\/tribe_events\/9789\/revisions"}],"wp:attachment":[{"href":"https:\/\/notre-quartier.ch\/bluefactory\/wp-json\/wp\/v2\/media?parent=9789"}],"wp:term":[{"taxonomy":"post_tag","embeddable":true,"href":"https:\/\/notre-quartier.ch\/bluefactory\/wp-json\/wp\/v2\/tags?post=9789"},{"taxonomy":"tribe_events_cat","embeddable":true,"href":"https:\/\/notre-quartier.ch\/bluefactory\/wp-json\/wp\/v2\/tribe_events_cat?post=9789"}],"curies":[{"name":"wp","href":"https:\/\/api.w.org\/{rel}","templated":true}]}}